{"id":6243,"date":"2022-09-25T21:35:20","date_gmt":"2022-09-25T19:35:20","guid":{"rendered":"https:\/\/alto.watch\/?post_type=movie&#038;p=6243"},"modified":"2022-09-25T21:35:21","modified_gmt":"2022-09-25T19:35:21","slug":"quest-ce-quetre-femme-selon-agnes-varda","status":"publish","type":"movie","link":"https:\/\/alto.watch\/index.php\/movie\/quest-ce-quetre-femme-selon-agnes-varda\/","title":{"rendered":"Qu&#8217;est-ce qu&#8217;\u00eatre femme ? selon Agn\u00e8s Varda"},"content":{"rendered":"\n<p>Court m\u00e9trage documentaire ou &#8220;cin\u00e9-tract&#8221; r\u00e9alis\u00e9 par Agn\u00e8s Varda en r\u00e9ponse \u00e0 la question pos\u00e9e par Antenne 2 \u00e0 plusieurs femmes cin\u00e9astes : &#8220;qu&#8217;est ce qu&#8217;\u00eatre femme?&#8221;.<\/p>\n","protected":false},"excerpt":{"rendered":"<p>Court m\u00e9trage documentaire ou &#8220;cin\u00e9-tract&#8221; r\u00e9alis\u00e9 par Agn\u00e8s Varda en r\u00e9ponse \u00e0 la question pos\u00e9e par Antenne 2 \u00e0 plusieurs<\/p>\n","protected":false},"author":1,"featured_media":6244,"comment_status":"closed","ping_status":"closed","template":"","meta":[],"movie_genre":[211],"movie_tag":[125],"movie_realisation":[344],"class_list":["post-6243","movie","type-movie","status-publish","has-post-thumbnail","hentry","movie_genre-court-metrage","movie_tag-feminismes"],"yoast_head":"<!-- This site is optimized with the Yoast SEO plugin v15.9.2 - https:\/\/yoast.com\/wordpress\/plugins\/seo\/ -->\n<title>Qu&#039;est-ce qu&#039;\u00eatre femme ? selon Agn\u00e8s Varda - Alto.watch<\/title>\n<link rel=\"canonical\" href=\"https:\/\/alto.watch\/index.php\/movie\/quest-ce-quetre-femme-selon-agnes-varda\/\" \/>\n<meta property=\"og:locale\" content=\"fr_FR\" \/>\n<meta property=\"og:type\" content=\"article\" \/>\n<meta property=\"og:title\" content=\"Qu&#039;est-ce qu&#039;\u00eatre femme ? selon Agn\u00e8s Varda - Alto.watch\" \/>\n<meta property=\"og:description\" content=\"Court m\u00e9trage documentaire ou &#8220;cin\u00e9-tract&#8221; r\u00e9alis\u00e9 par Agn\u00e8s Varda en r\u00e9ponse \u00e0 la question pos\u00e9e par Antenne 2 \u00e0 plusieurs\" \/>\n<meta property=\"og:url\" content=\"https:\/\/alto.watch\/index.php\/movie\/quest-ce-quetre-femme-selon-agnes-varda\/\" \/>\n<meta property=\"og:site_name\" content=\"Alto.watch\" \/>\n<meta property=\"article:modified_time\" content=\"2022-09-25T19:35:21+00:00\" \/>\n<meta property=\"og:image\" content=\"https:\/\/alto.watch\/wp-content\/uploads\/2022\/09\/b7fbce2a-794a-480b-83b4-e7b9e8f2c0de_Reponsedefemmes5_jpg.jpg\" \/>\n\t<meta property=\"og:image:width\" content=\"516\" \/>\n\t<meta property=\"og:image:height\" content=\"825\" \/>\n<meta name=\"twitter:card\" content=\"summary_large_image\" \/>\n<meta name=\"twitter:label1\" content=\"Dur\u00e9e de lecture est.\">\n\t<meta name=\"twitter:data1\" content=\"1 minute\">\n<script type=\"application\/ld+json\" class=\"yoast-schema-graph\">{\"@context\":\"https:\/\/schema.org\",\"@graph\":[{\"@type\":\"WebSite\",\"@id\":\"https:\/\/alto.watch\/#website\",\"url\":\"https:\/\/alto.watch\/\",\"name\":\"Alto.watch\",\"description\":\"Plateforme vid\\u00e9o d&#039;\\u00e9ducation populaire, autonome et r\\u00e9volutionnaire.\",\"potentialAction\":[{\"@type\":\"SearchAction\",\"target\":\"https:\/\/alto.watch\/?s={search_term_string}\",\"query-input\":\"required name=search_term_string\"}],\"inLanguage\":\"fr-FR\"},{\"@type\":\"ImageObject\",\"@id\":\"https:\/\/alto.watch\/index.php\/movie\/quest-ce-quetre-femme-selon-agnes-varda\/#primaryimage\",\"inLanguage\":\"fr-FR\",\"url\":\"https:\/\/alto.watch\/wp-content\/uploads\/2022\/09\/b7fbce2a-794a-480b-83b4-e7b9e8f2c0de_Reponsedefemmes5_jpg.jpg\",\"width\":516,\"height\":825},{\"@type\":\"WebPage\",\"@id\":\"https:\/\/alto.watch\/index.php\/movie\/quest-ce-quetre-femme-selon-agnes-varda\/#webpage\",\"url\":\"https:\/\/alto.watch\/index.php\/movie\/quest-ce-quetre-femme-selon-agnes-varda\/\",\"name\":\"Qu'est-ce qu'\\u00eatre femme ? selon Agn\\u00e8s Varda - Alto.watch\",\"isPartOf\":{\"@id\":\"https:\/\/alto.watch\/#website\"},\"primaryImageOfPage\":{\"@id\":\"https:\/\/alto.watch\/index.php\/movie\/quest-ce-quetre-femme-selon-agnes-varda\/#primaryimage\"},\"datePublished\":\"2022-09-25T19:35:20+00:00\",\"dateModified\":\"2022-09-25T19:35:21+00:00\",\"breadcrumb\":{\"@id\":\"https:\/\/alto.watch\/index.php\/movie\/quest-ce-quetre-femme-selon-agnes-varda\/#breadcrumb\"},\"inLanguage\":\"fr-FR\",\"potentialAction\":[{\"@type\":\"ReadAction\",\"target\":[\"https:\/\/alto.watch\/index.php\/movie\/quest-ce-quetre-femme-selon-agnes-varda\/\"]}]},{\"@type\":\"BreadcrumbList\",\"@id\":\"https:\/\/alto.watch\/index.php\/movie\/quest-ce-quetre-femme-selon-agnes-varda\/#breadcrumb\",\"itemListElement\":[{\"@type\":\"ListItem\",\"position\":1,\"item\":{\"@type\":\"WebPage\",\"@id\":\"https:\/\/alto.watch\/\",\"url\":\"https:\/\/alto.watch\/\",\"name\":\"Accueil\"}},{\"@type\":\"ListItem\",\"position\":2,\"item\":{\"@type\":\"WebPage\",\"@id\":\"https:\/\/alto.watch\/index.php\/catalogue\/\",\"url\":\"https:\/\/alto.watch\/index.php\/catalogue\/\",\"name\":\"Movies\"}},{\"@type\":\"ListItem\",\"position\":3,\"item\":{\"@type\":\"WebPage\",\"@id\":\"https:\/\/alto.watch\/index.php\/movie\/quest-ce-quetre-femme-selon-agnes-varda\/\",\"url\":\"https:\/\/alto.watch\/index.php\/movie\/quest-ce-quetre-femme-selon-agnes-varda\/\",\"name\":\"Qu&#8217;est-ce qu&#8217;\\u00eatre femme ? selon Agn\\u00e8s Varda\"}}]}]}<\/script>\n<!-- \/ Yoast SEO plugin. -->","_links":{"self":[{"href":"https:\/\/alto.watch\/index.php\/wp-json\/wp\/v2\/movie\/6243","targetHints":{"allow":["GET"]}}],"collection":[{"href":"https:\/\/alto.watch\/index.php\/wp-json\/wp\/v2\/movie"}],"about":[{"href":"https:\/\/alto.watch\/index.php\/wp-json\/wp\/v2\/types\/movie"}],"author":[{"embeddable":true,"href":"https:\/\/alto.watch\/index.php\/wp-json\/wp\/v2\/users\/1"}],"replies":[{"embeddable":true,"href":"https:\/\/alto.watch\/index.php\/wp-json\/wp\/v2\/comments?post=6243"}],"wp:featuredmedia":[{"embeddable":true,"href":"https:\/\/alto.watch\/index.php\/wp-json\/wp\/v2\/media\/6244"}],"wp:attachment":[{"href":"https:\/\/alto.watch\/index.php\/wp-json\/wp\/v2\/media?parent=6243"}],"wp:term":[{"taxonomy":"movie_genre","embeddable":true,"href":"https:\/\/alto.watch\/index.php\/wp-json\/wp\/v2\/movie_genre?post=6243"},{"taxonomy":"movie_tag","embeddable":true,"href":"https:\/\/alto.watch\/index.php\/wp-json\/wp\/v2\/movie_tag?post=6243"},{"taxonomy":"movie_realisation","embeddable":true,"href":"https:\/\/alto.watch\/index.php\/wp-json\/wp\/v2\/movie_realisation?post=6243"}],"curies":[{"name":"wp","href":"https:\/\/api.w.org\/{rel}","templated":true}]}}