{"id":6112,"date":"2021-04-11T21:03:47","date_gmt":"2021-04-11T19:03:47","guid":{"rendered":"http:\/\/saltopirate.com\/?post_type=movie&#038;p=6112"},"modified":"2021-04-11T21:03:47","modified_gmt":"2021-04-11T19:03:47","slug":"gilets-jaunes-expressions-historiques","status":"publish","type":"movie","link":"https:\/\/alto.watch\/index.php\/movie\/gilets-jaunes-expressions-historiques\/","title":{"rendered":"Gilets jaunes : expressions historiques"},"content":{"rendered":"\n<p>Soul\u00e8vement du 1er d\u00e9cembre 2018 \u00e0 Paris.<\/p>\n","protected":false},"excerpt":{"rendered":"<p>Soul\u00e8vement du 1er d\u00e9cembre 2018 \u00e0 Paris.<\/p>\n","protected":false},"author":1,"featured_media":6113,"comment_status":"closed","ping_status":"closed","template":"","meta":[],"movie_genre":[211,112],"movie_tag":[224,217,269,171],"movie_realisation":[285],"class_list":["post-6112","movie","type-movie","status-publish","has-post-thumbnail","hentry","movie_genre-court-metrage","movie_genre-documentaire","movie_tag-autonomies","movie_tag-gilets-jaunes","movie_tag-mouvements","movie_tag-violences-policieres"],"yoast_head":"<!-- This site is optimized with the Yoast SEO plugin v15.9.2 - https:\/\/yoast.com\/wordpress\/plugins\/seo\/ -->\n<title>Gilets jaunes : expressions historiques - Alto.watch<\/title>\n<link rel=\"canonical\" href=\"https:\/\/alto.watch\/index.php\/movie\/gilets-jaunes-expressions-historiques\/\" \/>\n<meta property=\"og:locale\" content=\"fr_FR\" \/>\n<meta property=\"og:type\" content=\"article\" \/>\n<meta property=\"og:title\" content=\"Gilets jaunes : expressions historiques - Alto.watch\" \/>\n<meta property=\"og:description\" content=\"Soul\u00e8vement du 1er d\u00e9cembre 2018 \u00e0 Paris.\" \/>\n<meta property=\"og:url\" content=\"https:\/\/alto.watch\/index.php\/movie\/gilets-jaunes-expressions-historiques\/\" \/>\n<meta property=\"og:site_name\" content=\"Alto.watch\" \/>\n<meta property=\"og:image\" content=\"https:\/\/alto.watch\/wp-content\/uploads\/2021\/04\/arton1701-resp1440.jpg\" \/>\n\t<meta property=\"og:image:width\" content=\"1440\" \/>\n\t<meta property=\"og:image:height\" content=\"810\" \/>\n<meta name=\"twitter:card\" content=\"summary_large_image\" \/>\n<meta name=\"twitter:label1\" content=\"Dur\u00e9e de lecture est.\">\n\t<meta name=\"twitter:data1\" content=\"1 minute\">\n<script type=\"application\/ld+json\" class=\"yoast-schema-graph\">{\"@context\":\"https:\/\/schema.org\",\"@graph\":[{\"@type\":\"WebSite\",\"@id\":\"https:\/\/alto.watch\/#website\",\"url\":\"https:\/\/alto.watch\/\",\"name\":\"Alto.watch\",\"description\":\"Plateforme vid\\u00e9o d&#039;\\u00e9ducation populaire, autonome et r\\u00e9volutionnaire.\",\"potentialAction\":[{\"@type\":\"SearchAction\",\"target\":\"https:\/\/alto.watch\/?s={search_term_string}\",\"query-input\":\"required name=search_term_string\"}],\"inLanguage\":\"fr-FR\"},{\"@type\":\"ImageObject\",\"@id\":\"https:\/\/alto.watch\/index.php\/movie\/gilets-jaunes-expressions-historiques\/#primaryimage\",\"inLanguage\":\"fr-FR\",\"url\":\"https:\/\/alto.watch\/wp-content\/uploads\/2021\/04\/arton1701-resp1440.jpg\",\"width\":1440,\"height\":810},{\"@type\":\"WebPage\",\"@id\":\"https:\/\/alto.watch\/index.php\/movie\/gilets-jaunes-expressions-historiques\/#webpage\",\"url\":\"https:\/\/alto.watch\/index.php\/movie\/gilets-jaunes-expressions-historiques\/\",\"name\":\"Gilets jaunes : expressions historiques - Alto.watch\",\"isPartOf\":{\"@id\":\"https:\/\/alto.watch\/#website\"},\"primaryImageOfPage\":{\"@id\":\"https:\/\/alto.watch\/index.php\/movie\/gilets-jaunes-expressions-historiques\/#primaryimage\"},\"datePublished\":\"2021-04-11T19:03:47+00:00\",\"dateModified\":\"2021-04-11T19:03:47+00:00\",\"breadcrumb\":{\"@id\":\"https:\/\/alto.watch\/index.php\/movie\/gilets-jaunes-expressions-historiques\/#breadcrumb\"},\"inLanguage\":\"fr-FR\",\"potentialAction\":[{\"@type\":\"ReadAction\",\"target\":[\"https:\/\/alto.watch\/index.php\/movie\/gilets-jaunes-expressions-historiques\/\"]}]},{\"@type\":\"BreadcrumbList\",\"@id\":\"https:\/\/alto.watch\/index.php\/movie\/gilets-jaunes-expressions-historiques\/#breadcrumb\",\"itemListElement\":[{\"@type\":\"ListItem\",\"position\":1,\"item\":{\"@type\":\"WebPage\",\"@id\":\"https:\/\/alto.watch\/\",\"url\":\"https:\/\/alto.watch\/\",\"name\":\"Accueil\"}},{\"@type\":\"ListItem\",\"position\":2,\"item\":{\"@type\":\"WebPage\",\"@id\":\"https:\/\/alto.watch\/index.php\/catalogue\/\",\"url\":\"https:\/\/alto.watch\/index.php\/catalogue\/\",\"name\":\"Movies\"}},{\"@type\":\"ListItem\",\"position\":3,\"item\":{\"@type\":\"WebPage\",\"@id\":\"https:\/\/alto.watch\/index.php\/movie\/gilets-jaunes-expressions-historiques\/\",\"url\":\"https:\/\/alto.watch\/index.php\/movie\/gilets-jaunes-expressions-historiques\/\",\"name\":\"Gilets jaunes : expressions historiques\"}}]}]}<\/script>\n<!-- \/ Yoast SEO plugin. -->","_links":{"self":[{"href":"https:\/\/alto.watch\/index.php\/wp-json\/wp\/v2\/movie\/6112","targetHints":{"allow":["GET"]}}],"collection":[{"href":"https:\/\/alto.watch\/index.php\/wp-json\/wp\/v2\/movie"}],"about":[{"href":"https:\/\/alto.watch\/index.php\/wp-json\/wp\/v2\/types\/movie"}],"author":[{"embeddable":true,"href":"https:\/\/alto.watch\/index.php\/wp-json\/wp\/v2\/users\/1"}],"replies":[{"embeddable":true,"href":"https:\/\/alto.watch\/index.php\/wp-json\/wp\/v2\/comments?post=6112"}],"wp:featuredmedia":[{"embeddable":true,"href":"https:\/\/alto.watch\/index.php\/wp-json\/wp\/v2\/media\/6113"}],"wp:attachment":[{"href":"https:\/\/alto.watch\/index.php\/wp-json\/wp\/v2\/media?parent=6112"}],"wp:term":[{"taxonomy":"movie_genre","embeddable":true,"href":"https:\/\/alto.watch\/index.php\/wp-json\/wp\/v2\/movie_genre?post=6112"},{"taxonomy":"movie_tag","embeddable":true,"href":"https:\/\/alto.watch\/index.php\/wp-json\/wp\/v2\/movie_tag?post=6112"},{"taxonomy":"movie_realisation","embeddable":true,"href":"https:\/\/alto.watch\/index.php\/wp-json\/wp\/v2\/movie_realisation?post=6112"}],"curies":[{"name":"wp","href":"https:\/\/api.w.org\/{rel}","templated":true}]}}