{"id":6058,"date":"2021-04-11T11:32:18","date_gmt":"2021-04-11T09:32:18","guid":{"rendered":"http:\/\/saltopirate.com\/?post_type=movie&#038;p=6058"},"modified":"2021-04-11T11:32:18","modified_gmt":"2021-04-11T09:32:18","slug":"carnaval-contre-levacuation-de-la-zad-de-nddl-et-letat-durgence-rennes-2016","status":"publish","type":"movie","link":"https:\/\/alto.watch\/index.php\/movie\/carnaval-contre-levacuation-de-la-zad-de-nddl-et-letat-durgence-rennes-2016\/","title":{"rendered":"Carnaval, contre l&#8217;\u00e9vacuation de la ZAD de NDDL et l&#8217;\u00e9tat d&#8217;urgence, Rennes, 2016"},"content":{"rendered":"\n<p>Rennes, le 6 f\u00e9vrier 2016. Carnaval de soutien contre l&#8217;\u00e9vacuation de la ZAD de Notre-Dame-des-Landes, contre l&#8217;\u00e9tat d&#8217;urgence.<\/p>\n","protected":false},"excerpt":{"rendered":"<p>Rennes, le 6 f\u00e9vrier 2016. Carnaval de soutien contre l&#8217;\u00e9vacuation de la ZAD de Notre-Dame-des-Landes, contre l&#8217;\u00e9tat d&#8217;urgence.<\/p>\n","protected":false},"author":1,"featured_media":6059,"comment_status":"closed","ping_status":"closed","template":"","meta":[],"movie_genre":[211],"movie_tag":[224,117,258,221],"movie_realisation":[285],"class_list":["post-6058","movie","type-movie","status-publish","has-post-thumbnail","hentry","movie_genre-court-metrage","movie_tag-autonomies","movie_tag-ecologies","movie_tag-squat","movie_tag-zad"],"yoast_head":"<!-- This site is optimized with the Yoast SEO plugin v15.9.2 - https:\/\/yoast.com\/wordpress\/plugins\/seo\/ -->\n<title>Carnaval, contre l&#039;\u00e9vacuation de la ZAD de NDDL et l&#039;\u00e9tat d&#039;urgence, Rennes, 2016 - Alto.watch<\/title>\n<link rel=\"canonical\" href=\"https:\/\/alto.watch\/index.php\/movie\/carnaval-contre-levacuation-de-la-zad-de-nddl-et-letat-durgence-rennes-2016\/\" \/>\n<meta property=\"og:locale\" content=\"fr_FR\" \/>\n<meta property=\"og:type\" content=\"article\" \/>\n<meta property=\"og:title\" content=\"Carnaval, contre l&#039;\u00e9vacuation de la ZAD de NDDL et l&#039;\u00e9tat d&#039;urgence, Rennes, 2016 - Alto.watch\" \/>\n<meta property=\"og:description\" content=\"Rennes, le 6 f\u00e9vrier 2016. Carnaval de soutien contre l&#8217;\u00e9vacuation de la ZAD de Notre-Dame-des-Landes, contre l&#8217;\u00e9tat d&#8217;urgence.\" \/>\n<meta property=\"og:url\" content=\"https:\/\/alto.watch\/index.php\/movie\/carnaval-contre-levacuation-de-la-zad-de-nddl-et-letat-durgence-rennes-2016\/\" \/>\n<meta property=\"og:site_name\" content=\"Alto.watch\" \/>\n<meta property=\"og:image\" content=\"https:\/\/alto.watch\/wp-content\/uploads\/2021\/04\/Capture-de\u0301cran-2021-04-11-a\u0300-11.31.40.png\" \/>\n\t<meta property=\"og:image:width\" content=\"496\" \/>\n\t<meta property=\"og:image:height\" content=\"677\" \/>\n<meta name=\"twitter:card\" content=\"summary_large_image\" \/>\n<meta name=\"twitter:label1\" content=\"Dur\u00e9e de lecture est.\">\n\t<meta name=\"twitter:data1\" content=\"1 minute\">\n<script type=\"application\/ld+json\" class=\"yoast-schema-graph\">{\"@context\":\"https:\/\/schema.org\",\"@graph\":[{\"@type\":\"WebSite\",\"@id\":\"https:\/\/alto.watch\/#website\",\"url\":\"https:\/\/alto.watch\/\",\"name\":\"Alto.watch\",\"description\":\"Plateforme vid\\u00e9o d&#039;\\u00e9ducation populaire, autonome et r\\u00e9volutionnaire.\",\"potentialAction\":[{\"@type\":\"SearchAction\",\"target\":\"https:\/\/alto.watch\/?s={search_term_string}\",\"query-input\":\"required name=search_term_string\"}],\"inLanguage\":\"fr-FR\"},{\"@type\":\"ImageObject\",\"@id\":\"https:\/\/alto.watch\/index.php\/movie\/carnaval-contre-levacuation-de-la-zad-de-nddl-et-letat-durgence-rennes-2016\/#primaryimage\",\"inLanguage\":\"fr-FR\",\"url\":\"https:\/\/alto.watch\/wp-content\/uploads\/2021\/04\/Capture-de\\u0301cran-2021-04-11-a\\u0300-11.31.40.png\",\"width\":496,\"height\":677},{\"@type\":\"WebPage\",\"@id\":\"https:\/\/alto.watch\/index.php\/movie\/carnaval-contre-levacuation-de-la-zad-de-nddl-et-letat-durgence-rennes-2016\/#webpage\",\"url\":\"https:\/\/alto.watch\/index.php\/movie\/carnaval-contre-levacuation-de-la-zad-de-nddl-et-letat-durgence-rennes-2016\/\",\"name\":\"Carnaval, contre l'\\u00e9vacuation de la ZAD de NDDL et l'\\u00e9tat d'urgence, Rennes, 2016 - Alto.watch\",\"isPartOf\":{\"@id\":\"https:\/\/alto.watch\/#website\"},\"primaryImageOfPage\":{\"@id\":\"https:\/\/alto.watch\/index.php\/movie\/carnaval-contre-levacuation-de-la-zad-de-nddl-et-letat-durgence-rennes-2016\/#primaryimage\"},\"datePublished\":\"2021-04-11T09:32:18+00:00\",\"dateModified\":\"2021-04-11T09:32:18+00:00\",\"breadcrumb\":{\"@id\":\"https:\/\/alto.watch\/index.php\/movie\/carnaval-contre-levacuation-de-la-zad-de-nddl-et-letat-durgence-rennes-2016\/#breadcrumb\"},\"inLanguage\":\"fr-FR\",\"potentialAction\":[{\"@type\":\"ReadAction\",\"target\":[\"https:\/\/alto.watch\/index.php\/movie\/carnaval-contre-levacuation-de-la-zad-de-nddl-et-letat-durgence-rennes-2016\/\"]}]},{\"@type\":\"BreadcrumbList\",\"@id\":\"https:\/\/alto.watch\/index.php\/movie\/carnaval-contre-levacuation-de-la-zad-de-nddl-et-letat-durgence-rennes-2016\/#breadcrumb\",\"itemListElement\":[{\"@type\":\"ListItem\",\"position\":1,\"item\":{\"@type\":\"WebPage\",\"@id\":\"https:\/\/alto.watch\/\",\"url\":\"https:\/\/alto.watch\/\",\"name\":\"Accueil\"}},{\"@type\":\"ListItem\",\"position\":2,\"item\":{\"@type\":\"WebPage\",\"@id\":\"https:\/\/alto.watch\/index.php\/catalogue\/\",\"url\":\"https:\/\/alto.watch\/index.php\/catalogue\/\",\"name\":\"Movies\"}},{\"@type\":\"ListItem\",\"position\":3,\"item\":{\"@type\":\"WebPage\",\"@id\":\"https:\/\/alto.watch\/index.php\/movie\/carnaval-contre-levacuation-de-la-zad-de-nddl-et-letat-durgence-rennes-2016\/\",\"url\":\"https:\/\/alto.watch\/index.php\/movie\/carnaval-contre-levacuation-de-la-zad-de-nddl-et-letat-durgence-rennes-2016\/\",\"name\":\"Carnaval, contre l&#8217;\\u00e9vacuation de la ZAD de NDDL et l&#8217;\\u00e9tat d&#8217;urgence, Rennes, 2016\"}}]}]}<\/script>\n<!-- \/ Yoast SEO plugin. -->","_links":{"self":[{"href":"https:\/\/alto.watch\/index.php\/wp-json\/wp\/v2\/movie\/6058","targetHints":{"allow":["GET"]}}],"collection":[{"href":"https:\/\/alto.watch\/index.php\/wp-json\/wp\/v2\/movie"}],"about":[{"href":"https:\/\/alto.watch\/index.php\/wp-json\/wp\/v2\/types\/movie"}],"author":[{"embeddable":true,"href":"https:\/\/alto.watch\/index.php\/wp-json\/wp\/v2\/users\/1"}],"replies":[{"embeddable":true,"href":"https:\/\/alto.watch\/index.php\/wp-json\/wp\/v2\/comments?post=6058"}],"wp:featuredmedia":[{"embeddable":true,"href":"https:\/\/alto.watch\/index.php\/wp-json\/wp\/v2\/media\/6059"}],"wp:attachment":[{"href":"https:\/\/alto.watch\/index.php\/wp-json\/wp\/v2\/media?parent=6058"}],"wp:term":[{"taxonomy":"movie_genre","embeddable":true,"href":"https:\/\/alto.watch\/index.php\/wp-json\/wp\/v2\/movie_genre?post=6058"},{"taxonomy":"movie_tag","embeddable":true,"href":"https:\/\/alto.watch\/index.php\/wp-json\/wp\/v2\/movie_tag?post=6058"},{"taxonomy":"movie_realisation","embeddable":true,"href":"https:\/\/alto.watch\/index.php\/wp-json\/wp\/v2\/movie_realisation?post=6058"}],"curies":[{"name":"wp","href":"https:\/\/api.w.org\/{rel}","templated":true}]}}