{"id":6052,"date":"2021-04-11T11:12:17","date_gmt":"2021-04-11T09:12:17","guid":{"rendered":"http:\/\/saltopirate.com\/?post_type=movie&#038;p=6052"},"modified":"2021-04-11T11:12:18","modified_gmt":"2021-04-11T09:12:18","slug":"carnaval-contre-la-mascarade-electorale","status":"publish","type":"movie","link":"https:\/\/alto.watch\/index.php\/movie\/carnaval-contre-la-mascarade-electorale\/","title":{"rendered":"Carnaval contre la mascarade \u00e9lectorale"},"content":{"rendered":"\n<p>Samedi 1<sup>er<\/sup>\u00a0avril 2017, la \u00ab\u00a0g\u00e9n\u00e9ration ingouvernable\u00a0\u00bb organisait \u00e0 M\u00e9nilmontant son premier carnaval <em>contre la mascarade \u00e9lectorale<\/em>. Reportage par Doc du r\u00e9el.<\/p>\n","protected":false},"excerpt":{"rendered":"<p>Samedi 1er\u00a0avril 2017, la \u00ab\u00a0g\u00e9n\u00e9ration ingouvernable\u00a0\u00bb organisait \u00e0 M\u00e9nilmontant son premier carnaval contre la mascarade \u00e9lectorale. Reportage par Doc du<\/p>\n","protected":false},"author":1,"featured_media":6053,"comment_status":"closed","ping_status":"closed","template":"","meta":[],"movie_genre":[211],"movie_tag":[91,224,269],"movie_realisation":[285],"class_list":["post-6052","movie","type-movie","status-publish","has-post-thumbnail","hentry","movie_genre-court-metrage","movie_tag-anarchisme","movie_tag-autonomies","movie_tag-mouvements"],"yoast_head":"<!-- This site is optimized with the Yoast SEO plugin v15.9.2 - https:\/\/yoast.com\/wordpress\/plugins\/seo\/ -->\n<title>Carnaval contre la mascarade \u00e9lectorale - Alto.watch<\/title>\n<link rel=\"canonical\" href=\"https:\/\/alto.watch\/index.php\/movie\/carnaval-contre-la-mascarade-electorale\/\" \/>\n<meta property=\"og:locale\" content=\"fr_FR\" \/>\n<meta property=\"og:type\" content=\"article\" \/>\n<meta property=\"og:title\" content=\"Carnaval contre la mascarade \u00e9lectorale - Alto.watch\" \/>\n<meta property=\"og:description\" content=\"Samedi 1er\u00a0avril 2017, la \u00ab\u00a0g\u00e9n\u00e9ration ingouvernable\u00a0\u00bb organisait \u00e0 M\u00e9nilmontant son premier carnaval contre la mascarade \u00e9lectorale. Reportage par Doc du\" \/>\n<meta property=\"og:url\" content=\"https:\/\/alto.watch\/index.php\/movie\/carnaval-contre-la-mascarade-electorale\/\" \/>\n<meta property=\"og:site_name\" content=\"Alto.watch\" \/>\n<meta property=\"article:modified_time\" content=\"2021-04-11T09:12:18+00:00\" \/>\n<meta property=\"og:image\" content=\"https:\/\/alto.watch\/wp-content\/uploads\/2021\/04\/Capture-de\u0301cran-2021-04-11-a\u0300-10.12.40.png\" \/>\n\t<meta property=\"og:image:width\" content=\"493\" \/>\n\t<meta property=\"og:image:height\" content=\"616\" \/>\n<meta name=\"twitter:card\" content=\"summary_large_image\" \/>\n<meta name=\"twitter:label1\" content=\"Dur\u00e9e de lecture est.\">\n\t<meta name=\"twitter:data1\" content=\"1 minute\">\n<script type=\"application\/ld+json\" class=\"yoast-schema-graph\">{\"@context\":\"https:\/\/schema.org\",\"@graph\":[{\"@type\":\"WebSite\",\"@id\":\"https:\/\/alto.watch\/#website\",\"url\":\"https:\/\/alto.watch\/\",\"name\":\"Alto.watch\",\"description\":\"Plateforme vid\\u00e9o d&#039;\\u00e9ducation populaire, autonome et r\\u00e9volutionnaire.\",\"potentialAction\":[{\"@type\":\"SearchAction\",\"target\":\"https:\/\/alto.watch\/?s={search_term_string}\",\"query-input\":\"required name=search_term_string\"}],\"inLanguage\":\"fr-FR\"},{\"@type\":\"ImageObject\",\"@id\":\"https:\/\/alto.watch\/index.php\/movie\/carnaval-contre-la-mascarade-electorale\/#primaryimage\",\"inLanguage\":\"fr-FR\",\"url\":\"https:\/\/alto.watch\/wp-content\/uploads\/2021\/04\/Capture-de\\u0301cran-2021-04-11-a\\u0300-10.12.40.png\",\"width\":493,\"height\":616},{\"@type\":\"WebPage\",\"@id\":\"https:\/\/alto.watch\/index.php\/movie\/carnaval-contre-la-mascarade-electorale\/#webpage\",\"url\":\"https:\/\/alto.watch\/index.php\/movie\/carnaval-contre-la-mascarade-electorale\/\",\"name\":\"Carnaval contre la mascarade \\u00e9lectorale - Alto.watch\",\"isPartOf\":{\"@id\":\"https:\/\/alto.watch\/#website\"},\"primaryImageOfPage\":{\"@id\":\"https:\/\/alto.watch\/index.php\/movie\/carnaval-contre-la-mascarade-electorale\/#primaryimage\"},\"datePublished\":\"2021-04-11T09:12:17+00:00\",\"dateModified\":\"2021-04-11T09:12:18+00:00\",\"breadcrumb\":{\"@id\":\"https:\/\/alto.watch\/index.php\/movie\/carnaval-contre-la-mascarade-electorale\/#breadcrumb\"},\"inLanguage\":\"fr-FR\",\"potentialAction\":[{\"@type\":\"ReadAction\",\"target\":[\"https:\/\/alto.watch\/index.php\/movie\/carnaval-contre-la-mascarade-electorale\/\"]}]},{\"@type\":\"BreadcrumbList\",\"@id\":\"https:\/\/alto.watch\/index.php\/movie\/carnaval-contre-la-mascarade-electorale\/#breadcrumb\",\"itemListElement\":[{\"@type\":\"ListItem\",\"position\":1,\"item\":{\"@type\":\"WebPage\",\"@id\":\"https:\/\/alto.watch\/\",\"url\":\"https:\/\/alto.watch\/\",\"name\":\"Accueil\"}},{\"@type\":\"ListItem\",\"position\":2,\"item\":{\"@type\":\"WebPage\",\"@id\":\"https:\/\/alto.watch\/index.php\/catalogue\/\",\"url\":\"https:\/\/alto.watch\/index.php\/catalogue\/\",\"name\":\"Movies\"}},{\"@type\":\"ListItem\",\"position\":3,\"item\":{\"@type\":\"WebPage\",\"@id\":\"https:\/\/alto.watch\/index.php\/movie\/carnaval-contre-la-mascarade-electorale\/\",\"url\":\"https:\/\/alto.watch\/index.php\/movie\/carnaval-contre-la-mascarade-electorale\/\",\"name\":\"Carnaval contre la mascarade \\u00e9lectorale\"}}]}]}<\/script>\n<!-- \/ Yoast SEO plugin. -->","_links":{"self":[{"href":"https:\/\/alto.watch\/index.php\/wp-json\/wp\/v2\/movie\/6052","targetHints":{"allow":["GET"]}}],"collection":[{"href":"https:\/\/alto.watch\/index.php\/wp-json\/wp\/v2\/movie"}],"about":[{"href":"https:\/\/alto.watch\/index.php\/wp-json\/wp\/v2\/types\/movie"}],"author":[{"embeddable":true,"href":"https:\/\/alto.watch\/index.php\/wp-json\/wp\/v2\/users\/1"}],"replies":[{"embeddable":true,"href":"https:\/\/alto.watch\/index.php\/wp-json\/wp\/v2\/comments?post=6052"}],"wp:featuredmedia":[{"embeddable":true,"href":"https:\/\/alto.watch\/index.php\/wp-json\/wp\/v2\/media\/6053"}],"wp:attachment":[{"href":"https:\/\/alto.watch\/index.php\/wp-json\/wp\/v2\/media?parent=6052"}],"wp:term":[{"taxonomy":"movie_genre","embeddable":true,"href":"https:\/\/alto.watch\/index.php\/wp-json\/wp\/v2\/movie_genre?post=6052"},{"taxonomy":"movie_tag","embeddable":true,"href":"https:\/\/alto.watch\/index.php\/wp-json\/wp\/v2\/movie_tag?post=6052"},{"taxonomy":"movie_realisation","embeddable":true,"href":"https:\/\/alto.watch\/index.php\/wp-json\/wp\/v2\/movie_realisation?post=6052"}],"curies":[{"name":"wp","href":"https:\/\/api.w.org\/{rel}","templated":true}]}}