{"id":5992,"date":"2021-04-01T21:39:23","date_gmt":"2021-04-01T19:39:23","guid":{"rendered":"http:\/\/saltopirate.com\/?post_type=movie&#038;p=5992"},"modified":"2021-04-01T21:39:24","modified_gmt":"2021-04-01T19:39:24","slug":"michel-foucault-a-luniversite-catholique-de-louvain-en-1981","status":"publish","type":"movie","link":"https:\/\/alto.watch\/index.php\/movie\/michel-foucault-a-luniversite-catholique-de-louvain-en-1981\/","title":{"rendered":"Michel Foucault \u00e0 l&#8217;Universit\u00e9 Catholique de Louvain en 1981"},"content":{"rendered":"\n<p>Entrevue de Michel Foucault \u00e0 l&#8217;Universit\u00e9 Catholique de Louvain en 1981. Il y traite notamment de sa d\u00e9marche et de sa conception du pouvoir, de la gouvernementalit\u00e9.<\/p>\n","protected":false},"excerpt":{"rendered":"<p>Entrevue de Michel Foucault \u00e0 l&#8217;Universit\u00e9 Catholique de Louvain en 1981. Il y traite notamment de sa d\u00e9marche et de<\/p>\n","protected":false},"author":1,"featured_media":5993,"comment_status":"closed","ping_status":"closed","template":"","meta":[],"movie_genre":[138],"movie_tag":[152,201,243],"movie_realisation":[],"class_list":["post-5992","movie","type-movie","status-publish","has-post-thumbnail","hentry","movie_genre-intervention","movie_tag-philosophie","movie_tag-police","movie_tag-sciences-sociales"],"yoast_head":"<!-- This site is optimized with the Yoast SEO plugin v15.9.2 - https:\/\/yoast.com\/wordpress\/plugins\/seo\/ -->\n<title>Michel Foucault \u00e0 l&#039;Universit\u00e9 Catholique de Louvain en 1981 - Alto.watch<\/title>\n<link rel=\"canonical\" href=\"https:\/\/alto.watch\/index.php\/movie\/michel-foucault-a-luniversite-catholique-de-louvain-en-1981\/\" \/>\n<meta property=\"og:locale\" content=\"fr_FR\" \/>\n<meta property=\"og:type\" content=\"article\" \/>\n<meta property=\"og:title\" content=\"Michel Foucault \u00e0 l&#039;Universit\u00e9 Catholique de Louvain en 1981 - Alto.watch\" \/>\n<meta property=\"og:description\" content=\"Entrevue de Michel Foucault \u00e0 l&#8217;Universit\u00e9 Catholique de Louvain en 1981. Il y traite notamment de sa d\u00e9marche et de\" \/>\n<meta property=\"og:url\" content=\"https:\/\/alto.watch\/index.php\/movie\/michel-foucault-a-luniversite-catholique-de-louvain-en-1981\/\" \/>\n<meta property=\"og:site_name\" content=\"Alto.watch\" \/>\n<meta property=\"article:modified_time\" content=\"2021-04-01T19:39:24+00:00\" \/>\n<meta property=\"og:image\" content=\"https:\/\/alto.watch\/wp-content\/uploads\/2021\/04\/Capture-de\u0301cran-2021-04-01-a\u0300-21.38.51.png\" \/>\n\t<meta property=\"og:image:width\" content=\"493\" \/>\n\t<meta property=\"og:image:height\" content=\"680\" \/>\n<meta name=\"twitter:card\" content=\"summary_large_image\" \/>\n<meta name=\"twitter:label1\" content=\"Dur\u00e9e de lecture est.\">\n\t<meta name=\"twitter:data1\" content=\"1 minute\">\n<script type=\"application\/ld+json\" class=\"yoast-schema-graph\">{\"@context\":\"https:\/\/schema.org\",\"@graph\":[{\"@type\":\"WebSite\",\"@id\":\"https:\/\/alto.watch\/#website\",\"url\":\"https:\/\/alto.watch\/\",\"name\":\"Alto.watch\",\"description\":\"Plateforme vid\\u00e9o d&#039;\\u00e9ducation populaire, autonome et r\\u00e9volutionnaire.\",\"potentialAction\":[{\"@type\":\"SearchAction\",\"target\":\"https:\/\/alto.watch\/?s={search_term_string}\",\"query-input\":\"required name=search_term_string\"}],\"inLanguage\":\"fr-FR\"},{\"@type\":\"ImageObject\",\"@id\":\"https:\/\/alto.watch\/index.php\/movie\/michel-foucault-a-luniversite-catholique-de-louvain-en-1981\/#primaryimage\",\"inLanguage\":\"fr-FR\",\"url\":\"https:\/\/alto.watch\/wp-content\/uploads\/2021\/04\/Capture-de\\u0301cran-2021-04-01-a\\u0300-21.38.51.png\",\"width\":493,\"height\":680},{\"@type\":\"WebPage\",\"@id\":\"https:\/\/alto.watch\/index.php\/movie\/michel-foucault-a-luniversite-catholique-de-louvain-en-1981\/#webpage\",\"url\":\"https:\/\/alto.watch\/index.php\/movie\/michel-foucault-a-luniversite-catholique-de-louvain-en-1981\/\",\"name\":\"Michel Foucault \\u00e0 l'Universit\\u00e9 Catholique de Louvain en 1981 - Alto.watch\",\"isPartOf\":{\"@id\":\"https:\/\/alto.watch\/#website\"},\"primaryImageOfPage\":{\"@id\":\"https:\/\/alto.watch\/index.php\/movie\/michel-foucault-a-luniversite-catholique-de-louvain-en-1981\/#primaryimage\"},\"datePublished\":\"2021-04-01T19:39:23+00:00\",\"dateModified\":\"2021-04-01T19:39:24+00:00\",\"breadcrumb\":{\"@id\":\"https:\/\/alto.watch\/index.php\/movie\/michel-foucault-a-luniversite-catholique-de-louvain-en-1981\/#breadcrumb\"},\"inLanguage\":\"fr-FR\",\"potentialAction\":[{\"@type\":\"ReadAction\",\"target\":[\"https:\/\/alto.watch\/index.php\/movie\/michel-foucault-a-luniversite-catholique-de-louvain-en-1981\/\"]}]},{\"@type\":\"BreadcrumbList\",\"@id\":\"https:\/\/alto.watch\/index.php\/movie\/michel-foucault-a-luniversite-catholique-de-louvain-en-1981\/#breadcrumb\",\"itemListElement\":[{\"@type\":\"ListItem\",\"position\":1,\"item\":{\"@type\":\"WebPage\",\"@id\":\"https:\/\/alto.watch\/\",\"url\":\"https:\/\/alto.watch\/\",\"name\":\"Accueil\"}},{\"@type\":\"ListItem\",\"position\":2,\"item\":{\"@type\":\"WebPage\",\"@id\":\"https:\/\/alto.watch\/index.php\/catalogue\/\",\"url\":\"https:\/\/alto.watch\/index.php\/catalogue\/\",\"name\":\"Movies\"}},{\"@type\":\"ListItem\",\"position\":3,\"item\":{\"@type\":\"WebPage\",\"@id\":\"https:\/\/alto.watch\/index.php\/movie\/michel-foucault-a-luniversite-catholique-de-louvain-en-1981\/\",\"url\":\"https:\/\/alto.watch\/index.php\/movie\/michel-foucault-a-luniversite-catholique-de-louvain-en-1981\/\",\"name\":\"Michel Foucault \\u00e0 l&#8217;Universit\\u00e9 Catholique de Louvain en 1981\"}}]}]}<\/script>\n<!-- \/ Yoast SEO plugin. -->","_links":{"self":[{"href":"https:\/\/alto.watch\/index.php\/wp-json\/wp\/v2\/movie\/5992","targetHints":{"allow":["GET"]}}],"collection":[{"href":"https:\/\/alto.watch\/index.php\/wp-json\/wp\/v2\/movie"}],"about":[{"href":"https:\/\/alto.watch\/index.php\/wp-json\/wp\/v2\/types\/movie"}],"author":[{"embeddable":true,"href":"https:\/\/alto.watch\/index.php\/wp-json\/wp\/v2\/users\/1"}],"replies":[{"embeddable":true,"href":"https:\/\/alto.watch\/index.php\/wp-json\/wp\/v2\/comments?post=5992"}],"wp:featuredmedia":[{"embeddable":true,"href":"https:\/\/alto.watch\/index.php\/wp-json\/wp\/v2\/media\/5993"}],"wp:attachment":[{"href":"https:\/\/alto.watch\/index.php\/wp-json\/wp\/v2\/media?parent=5992"}],"wp:term":[{"taxonomy":"movie_genre","embeddable":true,"href":"https:\/\/alto.watch\/index.php\/wp-json\/wp\/v2\/movie_genre?post=5992"},{"taxonomy":"movie_tag","embeddable":true,"href":"https:\/\/alto.watch\/index.php\/wp-json\/wp\/v2\/movie_tag?post=5992"},{"taxonomy":"movie_realisation","embeddable":true,"href":"https:\/\/alto.watch\/index.php\/wp-json\/wp\/v2\/movie_realisation?post=5992"}],"curies":[{"name":"wp","href":"https:\/\/api.w.org\/{rel}","templated":true}]}}