{"id":5938,"date":"2021-03-20T08:29:55","date_gmt":"2021-03-20T07:29:55","guid":{"rendered":"http:\/\/saltopirate.com\/?post_type=movie&#038;p=5938"},"modified":"2021-03-20T08:29:57","modified_gmt":"2021-03-20T07:29:57","slug":"demain-sentete-sur-la-zad-de-notre-dame-des-landes","status":"publish","type":"movie","link":"https:\/\/alto.watch\/index.php\/movie\/demain-sentete-sur-la-zad-de-notre-dame-des-landes\/","title":{"rendered":"Demain s&#8217;ent\u00eate sur la Zad de Notre-Dame-des-Landes"},"content":{"rendered":"\n<p><em>&#8220;Ce film a \u00e9t\u00e9 r\u00e9alis\u00e9 entre juillet 2017 et avril 2018 par des habitant.e.s de la ZAD de Notre-Dame-des-Landes. Les gendarmes ont commenc\u00e9 \u00e0 prendre les barricades de la D281 peu avant 3h ce matin du Lundi 9 avril 2018.&#8221;<\/em><\/p>\n","protected":false},"excerpt":{"rendered":"<p>&#8220;Ce film a \u00e9t\u00e9 r\u00e9alis\u00e9 entre juillet 2017 et avril 2018 par des habitant.e.s de la ZAD de Notre-Dame-des-Landes. Les<\/p>\n","protected":false},"author":1,"featured_media":5939,"comment_status":"closed","ping_status":"closed","template":"","meta":[],"movie_genre":[112],"movie_tag":[91,224,117,258,221],"movie_realisation":[261],"class_list":["post-5938","movie","type-movie","status-publish","has-post-thumbnail","hentry","movie_genre-documentaire","movie_tag-anarchisme","movie_tag-autonomies","movie_tag-ecologies","movie_tag-squat","movie_tag-zad"],"yoast_head":"<!-- This site is optimized with the Yoast SEO plugin v15.9.2 - https:\/\/yoast.com\/wordpress\/plugins\/seo\/ -->\n<title>Demain s&#039;ent\u00eate sur la Zad de Notre-Dame-des-Landes - Alto.watch<\/title>\n<link rel=\"canonical\" href=\"https:\/\/alto.watch\/index.php\/movie\/demain-sentete-sur-la-zad-de-notre-dame-des-landes\/\" \/>\n<meta property=\"og:locale\" content=\"fr_FR\" \/>\n<meta property=\"og:type\" content=\"article\" \/>\n<meta property=\"og:title\" content=\"Demain s&#039;ent\u00eate sur la Zad de Notre-Dame-des-Landes - Alto.watch\" \/>\n<meta property=\"og:description\" content=\"&#8220;Ce film a \u00e9t\u00e9 r\u00e9alis\u00e9 entre juillet 2017 et avril 2018 par des habitant.e.s de la ZAD de Notre-Dame-des-Landes. Les\" \/>\n<meta property=\"og:url\" content=\"https:\/\/alto.watch\/index.php\/movie\/demain-sentete-sur-la-zad-de-notre-dame-des-landes\/\" \/>\n<meta property=\"og:site_name\" content=\"Alto.watch\" \/>\n<meta property=\"article:modified_time\" content=\"2021-03-20T07:29:57+00:00\" \/>\n<meta property=\"og:image\" content=\"https:\/\/alto.watch\/wp-content\/uploads\/2021\/03\/Affiche-Demain-sentete-724x1024-1.jpg\" \/>\n\t<meta property=\"og:image:width\" content=\"724\" \/>\n\t<meta property=\"og:image:height\" content=\"1024\" \/>\n<meta name=\"twitter:card\" content=\"summary_large_image\" \/>\n<meta name=\"twitter:label1\" content=\"Dur\u00e9e de lecture est.\">\n\t<meta name=\"twitter:data1\" content=\"1 minute\">\n<script type=\"application\/ld+json\" class=\"yoast-schema-graph\">{\"@context\":\"https:\/\/schema.org\",\"@graph\":[{\"@type\":\"WebSite\",\"@id\":\"https:\/\/alto.watch\/#website\",\"url\":\"https:\/\/alto.watch\/\",\"name\":\"Alto.watch\",\"description\":\"Plateforme vid\\u00e9o d&#039;\\u00e9ducation populaire, autonome et r\\u00e9volutionnaire.\",\"potentialAction\":[{\"@type\":\"SearchAction\",\"target\":\"https:\/\/alto.watch\/?s={search_term_string}\",\"query-input\":\"required name=search_term_string\"}],\"inLanguage\":\"fr-FR\"},{\"@type\":\"ImageObject\",\"@id\":\"https:\/\/alto.watch\/index.php\/movie\/demain-sentete-sur-la-zad-de-notre-dame-des-landes\/#primaryimage\",\"inLanguage\":\"fr-FR\",\"url\":\"https:\/\/alto.watch\/wp-content\/uploads\/2021\/03\/Affiche-Demain-sentete-724x1024-1.jpg\",\"width\":724,\"height\":1024},{\"@type\":\"WebPage\",\"@id\":\"https:\/\/alto.watch\/index.php\/movie\/demain-sentete-sur-la-zad-de-notre-dame-des-landes\/#webpage\",\"url\":\"https:\/\/alto.watch\/index.php\/movie\/demain-sentete-sur-la-zad-de-notre-dame-des-landes\/\",\"name\":\"Demain s'ent\\u00eate sur la Zad de Notre-Dame-des-Landes - Alto.watch\",\"isPartOf\":{\"@id\":\"https:\/\/alto.watch\/#website\"},\"primaryImageOfPage\":{\"@id\":\"https:\/\/alto.watch\/index.php\/movie\/demain-sentete-sur-la-zad-de-notre-dame-des-landes\/#primaryimage\"},\"datePublished\":\"2021-03-20T07:29:55+00:00\",\"dateModified\":\"2021-03-20T07:29:57+00:00\",\"breadcrumb\":{\"@id\":\"https:\/\/alto.watch\/index.php\/movie\/demain-sentete-sur-la-zad-de-notre-dame-des-landes\/#breadcrumb\"},\"inLanguage\":\"fr-FR\",\"potentialAction\":[{\"@type\":\"ReadAction\",\"target\":[\"https:\/\/alto.watch\/index.php\/movie\/demain-sentete-sur-la-zad-de-notre-dame-des-landes\/\"]}]},{\"@type\":\"BreadcrumbList\",\"@id\":\"https:\/\/alto.watch\/index.php\/movie\/demain-sentete-sur-la-zad-de-notre-dame-des-landes\/#breadcrumb\",\"itemListElement\":[{\"@type\":\"ListItem\",\"position\":1,\"item\":{\"@type\":\"WebPage\",\"@id\":\"https:\/\/alto.watch\/\",\"url\":\"https:\/\/alto.watch\/\",\"name\":\"Accueil\"}},{\"@type\":\"ListItem\",\"position\":2,\"item\":{\"@type\":\"WebPage\",\"@id\":\"https:\/\/alto.watch\/index.php\/catalogue\/\",\"url\":\"https:\/\/alto.watch\/index.php\/catalogue\/\",\"name\":\"Movies\"}},{\"@type\":\"ListItem\",\"position\":3,\"item\":{\"@type\":\"WebPage\",\"@id\":\"https:\/\/alto.watch\/index.php\/movie\/demain-sentete-sur-la-zad-de-notre-dame-des-landes\/\",\"url\":\"https:\/\/alto.watch\/index.php\/movie\/demain-sentete-sur-la-zad-de-notre-dame-des-landes\/\",\"name\":\"Demain s&#8217;ent\\u00eate sur la Zad de Notre-Dame-des-Landes\"}}]}]}<\/script>\n<!-- \/ Yoast SEO plugin. -->","_links":{"self":[{"href":"https:\/\/alto.watch\/index.php\/wp-json\/wp\/v2\/movie\/5938","targetHints":{"allow":["GET"]}}],"collection":[{"href":"https:\/\/alto.watch\/index.php\/wp-json\/wp\/v2\/movie"}],"about":[{"href":"https:\/\/alto.watch\/index.php\/wp-json\/wp\/v2\/types\/movie"}],"author":[{"embeddable":true,"href":"https:\/\/alto.watch\/index.php\/wp-json\/wp\/v2\/users\/1"}],"replies":[{"embeddable":true,"href":"https:\/\/alto.watch\/index.php\/wp-json\/wp\/v2\/comments?post=5938"}],"wp:featuredmedia":[{"embeddable":true,"href":"https:\/\/alto.watch\/index.php\/wp-json\/wp\/v2\/media\/5939"}],"wp:attachment":[{"href":"https:\/\/alto.watch\/index.php\/wp-json\/wp\/v2\/media?parent=5938"}],"wp:term":[{"taxonomy":"movie_genre","embeddable":true,"href":"https:\/\/alto.watch\/index.php\/wp-json\/wp\/v2\/movie_genre?post=5938"},{"taxonomy":"movie_tag","embeddable":true,"href":"https:\/\/alto.watch\/index.php\/wp-json\/wp\/v2\/movie_tag?post=5938"},{"taxonomy":"movie_realisation","embeddable":true,"href":"https:\/\/alto.watch\/index.php\/wp-json\/wp\/v2\/movie_realisation?post=5938"}],"curies":[{"name":"wp","href":"https:\/\/api.w.org\/{rel}","templated":true}]}}