{"id":5891,"date":"2021-03-14T19:10:02","date_gmt":"2021-03-14T18:10:02","guid":{"rendered":"http:\/\/saltopirate.com\/?post_type=movie&#038;p=5891"},"modified":"2021-03-14T19:10:04","modified_gmt":"2021-03-14T18:10:04","slug":"sur-le-passage-de-quelques-manifs-a-travers-une-assez-courte-unite-de-temps","status":"publish","type":"movie","link":"https:\/\/alto.watch\/index.php\/movie\/sur-le-passage-de-quelques-manifs-a-travers-une-assez-courte-unite-de-temps\/","title":{"rendered":"Sur le passage de quelques manifs \u00e0 travers une assez courte unit\u00e9 de temps"},"content":{"rendered":"\n<p>&#8220;Le pr\u00e9sent est perdu, les r\u00e8gles sont chang\u00e9es&#8221;<\/p>\n","protected":false},"excerpt":{"rendered":"<p>&#8220;Le pr\u00e9sent est perdu, les r\u00e8gles sont chang\u00e9es&#8221;<\/p>\n","protected":false},"author":1,"featured_media":5892,"comment_status":"closed","ping_status":"closed","template":"","meta":[],"movie_genre":[211],"movie_tag":[252,160],"movie_realisation":[],"class_list":["post-5891","movie","type-movie","status-publish","has-post-thumbnail","hentry","movie_genre-court-metrage","movie_tag-detournement","movie_tag-situationnisme"],"yoast_head":"<!-- This site is optimized with the Yoast SEO plugin v15.9.2 - https:\/\/yoast.com\/wordpress\/plugins\/seo\/ -->\n<title>Sur le passage de quelques manifs \u00e0 travers une assez courte unit\u00e9 de temps - Alto.watch<\/title>\n<link rel=\"canonical\" href=\"https:\/\/alto.watch\/index.php\/movie\/sur-le-passage-de-quelques-manifs-a-travers-une-assez-courte-unite-de-temps\/\" \/>\n<meta property=\"og:locale\" content=\"fr_FR\" \/>\n<meta property=\"og:type\" content=\"article\" \/>\n<meta property=\"og:title\" content=\"Sur le passage de quelques manifs \u00e0 travers une assez courte unit\u00e9 de temps - Alto.watch\" \/>\n<meta property=\"og:description\" content=\"&#8220;Le pr\u00e9sent est perdu, les r\u00e8gles sont chang\u00e9es&#8221;\" \/>\n<meta property=\"og:url\" content=\"https:\/\/alto.watch\/index.php\/movie\/sur-le-passage-de-quelques-manifs-a-travers-une-assez-courte-unite-de-temps\/\" \/>\n<meta property=\"og:site_name\" content=\"Alto.watch\" \/>\n<meta property=\"article:modified_time\" content=\"2021-03-14T18:10:04+00:00\" \/>\n<meta property=\"og:image\" content=\"https:\/\/alto.watch\/wp-content\/uploads\/2021\/03\/Capture-de\u0301cran-2021-03-14-a\u0300-19.09.30.png\" \/>\n\t<meta property=\"og:image:width\" content=\"431\" \/>\n\t<meta property=\"og:image:height\" content=\"671\" \/>\n<meta name=\"twitter:card\" content=\"summary_large_image\" \/>\n<meta name=\"twitter:label1\" content=\"Dur\u00e9e de lecture est.\">\n\t<meta name=\"twitter:data1\" content=\"1 minute\">\n<script type=\"application\/ld+json\" class=\"yoast-schema-graph\">{\"@context\":\"https:\/\/schema.org\",\"@graph\":[{\"@type\":\"WebSite\",\"@id\":\"https:\/\/alto.watch\/#website\",\"url\":\"https:\/\/alto.watch\/\",\"name\":\"Alto.watch\",\"description\":\"Plateforme vid\\u00e9o d&#039;\\u00e9ducation populaire, autonome et r\\u00e9volutionnaire.\",\"potentialAction\":[{\"@type\":\"SearchAction\",\"target\":\"https:\/\/alto.watch\/?s={search_term_string}\",\"query-input\":\"required name=search_term_string\"}],\"inLanguage\":\"fr-FR\"},{\"@type\":\"ImageObject\",\"@id\":\"https:\/\/alto.watch\/index.php\/movie\/sur-le-passage-de-quelques-manifs-a-travers-une-assez-courte-unite-de-temps\/#primaryimage\",\"inLanguage\":\"fr-FR\",\"url\":\"https:\/\/alto.watch\/wp-content\/uploads\/2021\/03\/Capture-de\\u0301cran-2021-03-14-a\\u0300-19.09.30.png\",\"width\":431,\"height\":671},{\"@type\":\"WebPage\",\"@id\":\"https:\/\/alto.watch\/index.php\/movie\/sur-le-passage-de-quelques-manifs-a-travers-une-assez-courte-unite-de-temps\/#webpage\",\"url\":\"https:\/\/alto.watch\/index.php\/movie\/sur-le-passage-de-quelques-manifs-a-travers-une-assez-courte-unite-de-temps\/\",\"name\":\"Sur le passage de quelques manifs \\u00e0 travers une assez courte unit\\u00e9 de temps - Alto.watch\",\"isPartOf\":{\"@id\":\"https:\/\/alto.watch\/#website\"},\"primaryImageOfPage\":{\"@id\":\"https:\/\/alto.watch\/index.php\/movie\/sur-le-passage-de-quelques-manifs-a-travers-une-assez-courte-unite-de-temps\/#primaryimage\"},\"datePublished\":\"2021-03-14T18:10:02+00:00\",\"dateModified\":\"2021-03-14T18:10:04+00:00\",\"breadcrumb\":{\"@id\":\"https:\/\/alto.watch\/index.php\/movie\/sur-le-passage-de-quelques-manifs-a-travers-une-assez-courte-unite-de-temps\/#breadcrumb\"},\"inLanguage\":\"fr-FR\",\"potentialAction\":[{\"@type\":\"ReadAction\",\"target\":[\"https:\/\/alto.watch\/index.php\/movie\/sur-le-passage-de-quelques-manifs-a-travers-une-assez-courte-unite-de-temps\/\"]}]},{\"@type\":\"BreadcrumbList\",\"@id\":\"https:\/\/alto.watch\/index.php\/movie\/sur-le-passage-de-quelques-manifs-a-travers-une-assez-courte-unite-de-temps\/#breadcrumb\",\"itemListElement\":[{\"@type\":\"ListItem\",\"position\":1,\"item\":{\"@type\":\"WebPage\",\"@id\":\"https:\/\/alto.watch\/\",\"url\":\"https:\/\/alto.watch\/\",\"name\":\"Accueil\"}},{\"@type\":\"ListItem\",\"position\":2,\"item\":{\"@type\":\"WebPage\",\"@id\":\"https:\/\/alto.watch\/index.php\/catalogue\/\",\"url\":\"https:\/\/alto.watch\/index.php\/catalogue\/\",\"name\":\"Movies\"}},{\"@type\":\"ListItem\",\"position\":3,\"item\":{\"@type\":\"WebPage\",\"@id\":\"https:\/\/alto.watch\/index.php\/movie\/sur-le-passage-de-quelques-manifs-a-travers-une-assez-courte-unite-de-temps\/\",\"url\":\"https:\/\/alto.watch\/index.php\/movie\/sur-le-passage-de-quelques-manifs-a-travers-une-assez-courte-unite-de-temps\/\",\"name\":\"Sur le passage de quelques manifs \\u00e0 travers une assez courte unit\\u00e9 de temps\"}}]}]}<\/script>\n<!-- \/ Yoast SEO plugin. -->","_links":{"self":[{"href":"https:\/\/alto.watch\/index.php\/wp-json\/wp\/v2\/movie\/5891","targetHints":{"allow":["GET"]}}],"collection":[{"href":"https:\/\/alto.watch\/index.php\/wp-json\/wp\/v2\/movie"}],"about":[{"href":"https:\/\/alto.watch\/index.php\/wp-json\/wp\/v2\/types\/movie"}],"author":[{"embeddable":true,"href":"https:\/\/alto.watch\/index.php\/wp-json\/wp\/v2\/users\/1"}],"replies":[{"embeddable":true,"href":"https:\/\/alto.watch\/index.php\/wp-json\/wp\/v2\/comments?post=5891"}],"wp:featuredmedia":[{"embeddable":true,"href":"https:\/\/alto.watch\/index.php\/wp-json\/wp\/v2\/media\/5892"}],"wp:attachment":[{"href":"https:\/\/alto.watch\/index.php\/wp-json\/wp\/v2\/media?parent=5891"}],"wp:term":[{"taxonomy":"movie_genre","embeddable":true,"href":"https:\/\/alto.watch\/index.php\/wp-json\/wp\/v2\/movie_genre?post=5891"},{"taxonomy":"movie_tag","embeddable":true,"href":"https:\/\/alto.watch\/index.php\/wp-json\/wp\/v2\/movie_tag?post=5891"},{"taxonomy":"movie_realisation","embeddable":true,"href":"https:\/\/alto.watch\/index.php\/wp-json\/wp\/v2\/movie_realisation?post=5891"}],"curies":[{"name":"wp","href":"https:\/\/api.w.org\/{rel}","templated":true}]}}