{"id":5603,"date":"2020-11-22T17:14:13","date_gmt":"2020-11-22T16:14:13","guid":{"rendered":"http:\/\/saltopirate.com\/?post_type=movie&#038;p=5603"},"modified":"2021-03-14T21:24:06","modified_gmt":"2021-03-14T20:24:06","slug":"la-pensee-de-walter-benjamin-michael-lowy","status":"publish","type":"movie","link":"https:\/\/alto.watch\/index.php\/movie\/la-pensee-de-walter-benjamin-michael-lowy\/","title":{"rendered":"La pens\u00e9e de Walter Benjamin, Michael L\u00f6wy"},"content":{"rendered":"\n<p>Conf\u00e9rence pr\u00e9sent\u00e9e par Michael L\u00f6wy Mardi 11 septembre 2012, dans le cadre des activit\u00e9s de<br>&#8220;Espaces Marx&#8221;. Paris<\/p>\n","protected":false},"excerpt":{"rendered":"<p>Conf\u00e9rence pr\u00e9sent\u00e9e par Michael L\u00f6wy Mardi 11 septembre 2012, dans le cadre des activit\u00e9s de<br \/>&#8220;Espaces Marx&#8221;. Paris<\/p>\n","protected":false},"author":1,"featured_media":5604,"comment_status":"closed","ping_status":"closed","template":"","meta":[],"movie_genre":[138],"movie_tag":[117,144,166],"movie_realisation":[],"class_list":["post-5603","movie","type-movie","status-publish","has-post-thumbnail","hentry","movie_genre-intervention","movie_tag-ecologies","movie_tag-marxisme","movie_tag-theorie-critique"],"yoast_head":"<!-- This site is optimized with the Yoast SEO plugin v15.9.2 - https:\/\/yoast.com\/wordpress\/plugins\/seo\/ -->\n<title>La pens\u00e9e de Walter Benjamin, Michael L\u00f6wy - Alto.watch<\/title>\n<link rel=\"canonical\" href=\"https:\/\/alto.watch\/index.php\/movie\/la-pensee-de-walter-benjamin-michael-lowy\/\" \/>\n<meta property=\"og:locale\" content=\"fr_FR\" \/>\n<meta property=\"og:type\" content=\"article\" \/>\n<meta property=\"og:title\" content=\"La pens\u00e9e de Walter Benjamin, Michael L\u00f6wy - Alto.watch\" \/>\n<meta property=\"og:description\" content=\"Conf\u00e9rence pr\u00e9sent\u00e9e par Michael L\u00f6wy Mardi 11 septembre 2012, dans le cadre des activit\u00e9s de&quot;Espaces Marx&quot;. Paris\" \/>\n<meta property=\"og:url\" content=\"https:\/\/alto.watch\/index.php\/movie\/la-pensee-de-walter-benjamin-michael-lowy\/\" \/>\n<meta property=\"og:site_name\" content=\"Alto.watch\" \/>\n<meta property=\"article:modified_time\" content=\"2021-03-14T20:24:06+00:00\" \/>\n<meta property=\"og:image\" content=\"https:\/\/alto.watch\/wp-content\/uploads\/2020\/11\/341986878_1280x720.jpg\" \/>\n\t<meta property=\"og:image:width\" content=\"1280\" \/>\n\t<meta property=\"og:image:height\" content=\"720\" \/>\n<meta name=\"twitter:card\" content=\"summary_large_image\" \/>\n<meta name=\"twitter:label1\" content=\"Dur\u00e9e de lecture est.\">\n\t<meta name=\"twitter:data1\" content=\"1 minute\">\n<script type=\"application\/ld+json\" class=\"yoast-schema-graph\">{\"@context\":\"https:\/\/schema.org\",\"@graph\":[{\"@type\":\"WebSite\",\"@id\":\"https:\/\/alto.watch\/#website\",\"url\":\"https:\/\/alto.watch\/\",\"name\":\"Alto.watch\",\"description\":\"Plateforme vid\\u00e9o d&#039;\\u00e9ducation populaire, autonome et r\\u00e9volutionnaire.\",\"potentialAction\":[{\"@type\":\"SearchAction\",\"target\":\"https:\/\/alto.watch\/?s={search_term_string}\",\"query-input\":\"required name=search_term_string\"}],\"inLanguage\":\"fr-FR\"},{\"@type\":\"ImageObject\",\"@id\":\"https:\/\/alto.watch\/index.php\/movie\/la-pensee-de-walter-benjamin-michael-lowy\/#primaryimage\",\"inLanguage\":\"fr-FR\",\"url\":\"https:\/\/alto.watch\/wp-content\/uploads\/2020\/11\/341986878_1280x720.jpg\",\"width\":1280,\"height\":720},{\"@type\":\"WebPage\",\"@id\":\"https:\/\/alto.watch\/index.php\/movie\/la-pensee-de-walter-benjamin-michael-lowy\/#webpage\",\"url\":\"https:\/\/alto.watch\/index.php\/movie\/la-pensee-de-walter-benjamin-michael-lowy\/\",\"name\":\"La pens\\u00e9e de Walter Benjamin, Michael L\\u00f6wy - Alto.watch\",\"isPartOf\":{\"@id\":\"https:\/\/alto.watch\/#website\"},\"primaryImageOfPage\":{\"@id\":\"https:\/\/alto.watch\/index.php\/movie\/la-pensee-de-walter-benjamin-michael-lowy\/#primaryimage\"},\"datePublished\":\"2020-11-22T16:14:13+00:00\",\"dateModified\":\"2021-03-14T20:24:06+00:00\",\"breadcrumb\":{\"@id\":\"https:\/\/alto.watch\/index.php\/movie\/la-pensee-de-walter-benjamin-michael-lowy\/#breadcrumb\"},\"inLanguage\":\"fr-FR\",\"potentialAction\":[{\"@type\":\"ReadAction\",\"target\":[\"https:\/\/alto.watch\/index.php\/movie\/la-pensee-de-walter-benjamin-michael-lowy\/\"]}]},{\"@type\":\"BreadcrumbList\",\"@id\":\"https:\/\/alto.watch\/index.php\/movie\/la-pensee-de-walter-benjamin-michael-lowy\/#breadcrumb\",\"itemListElement\":[{\"@type\":\"ListItem\",\"position\":1,\"item\":{\"@type\":\"WebPage\",\"@id\":\"https:\/\/alto.watch\/\",\"url\":\"https:\/\/alto.watch\/\",\"name\":\"Accueil\"}},{\"@type\":\"ListItem\",\"position\":2,\"item\":{\"@type\":\"WebPage\",\"@id\":\"https:\/\/alto.watch\/index.php\/catalogue\/\",\"url\":\"https:\/\/alto.watch\/index.php\/catalogue\/\",\"name\":\"Movies\"}},{\"@type\":\"ListItem\",\"position\":3,\"item\":{\"@type\":\"WebPage\",\"@id\":\"https:\/\/alto.watch\/index.php\/movie\/la-pensee-de-walter-benjamin-michael-lowy\/\",\"url\":\"https:\/\/alto.watch\/index.php\/movie\/la-pensee-de-walter-benjamin-michael-lowy\/\",\"name\":\"La pens\\u00e9e de Walter Benjamin, Michael L\\u00f6wy\"}}]}]}<\/script>\n<!-- \/ Yoast SEO plugin. -->","_links":{"self":[{"href":"https:\/\/alto.watch\/index.php\/wp-json\/wp\/v2\/movie\/5603","targetHints":{"allow":["GET"]}}],"collection":[{"href":"https:\/\/alto.watch\/index.php\/wp-json\/wp\/v2\/movie"}],"about":[{"href":"https:\/\/alto.watch\/index.php\/wp-json\/wp\/v2\/types\/movie"}],"author":[{"embeddable":true,"href":"https:\/\/alto.watch\/index.php\/wp-json\/wp\/v2\/users\/1"}],"replies":[{"embeddable":true,"href":"https:\/\/alto.watch\/index.php\/wp-json\/wp\/v2\/comments?post=5603"}],"wp:featuredmedia":[{"embeddable":true,"href":"https:\/\/alto.watch\/index.php\/wp-json\/wp\/v2\/media\/5604"}],"wp:attachment":[{"href":"https:\/\/alto.watch\/index.php\/wp-json\/wp\/v2\/media?parent=5603"}],"wp:term":[{"taxonomy":"movie_genre","embeddable":true,"href":"https:\/\/alto.watch\/index.php\/wp-json\/wp\/v2\/movie_genre?post=5603"},{"taxonomy":"movie_tag","embeddable":true,"href":"https:\/\/alto.watch\/index.php\/wp-json\/wp\/v2\/movie_tag?post=5603"},{"taxonomy":"movie_realisation","embeddable":true,"href":"https:\/\/alto.watch\/index.php\/wp-json\/wp\/v2\/movie_realisation?post=5603"}],"curies":[{"name":"wp","href":"https:\/\/api.w.org\/{rel}","templated":true}]}}