{"id":5586,"date":"2020-11-13T20:47:06","date_gmt":"2020-11-13T19:47:06","guid":{"rendered":"http:\/\/saltopirate.com\/?post_type=movie&#038;p=5586"},"modified":"2021-03-14T14:43:41","modified_gmt":"2021-03-14T13:43:41","slug":"un-feminisme-decolonial-entretien-avec-francoise-verges","status":"publish","type":"movie","link":"https:\/\/alto.watch\/index.php\/movie\/un-feminisme-decolonial-entretien-avec-francoise-verges\/","title":{"rendered":"Un f\u00e9minisme d\u00e9colonial : entretien avec Fran\u00e7oise Verg\u00e8s"},"content":{"rendered":"\n<p><em>&#8220;Qu&#8217;est-ce que le f\u00e9minisme civilisationnel ? Et a contrario le f\u00e9minisme d\u00e9colonial ? Que nous disent les luttes dans le secteur du nettoyage de ces f\u00e9minismes et des soci\u00e9t\u00e9s capitalistes contemporaines ? Comment se ressaisir de la notion d&#8217;internationalisme ?<\/em><\/p>\n\n\n\n<p><em>La parution de &#8220;Un f\u00e9minisme d\u00e9colonial&#8221; de Fran\u00e7oise Verg\u00e8s le 15 f\u00e9vrier 2019 aux \u00e9ditions La fabrique nous a donn\u00e9 l&#8217;occasion d&#8217;effectuer pour ACTA un entretien avec l&#8217;auteure, et d&#8217;interroger avec elle une s\u00e9rie de sujets fondamentaux pour quiconque prend au s\u00e9rieux la puissance transformatrice du f\u00e9minisme et de la pens\u00e9e d\u00e9coloniale.<\/em><\/p>\n\n\n\n<p><em>F\u00e9ministe antiraciste, pr\u00e9sidente de l&#8217;association &#8220;D\u00e9coloniser les arts&#8221;, Fran\u00e7oise Verg\u00e8s est l&#8217;auteure de plusieurs ouvrages et articles en fran\u00e7ais et en anglais sur l&#8217;esclavage colonial, le f\u00e9minisme, la r\u00e9paration, le mus\u00e9e.&#8221;<\/em><\/p>\n\n\n\n<p>Dernier ouvrage paru aux \u00e9ditions La Fabrique :<br>Le ventre des femmes. Capitalisme, racialisation, f\u00e9minisme (2017)<br>Un f\u00e9minisme d\u00e9colonial (2019).<\/p>\n","protected":false},"excerpt":{"rendered":"<p>Qu&#8217;est-ce que le f\u00e9minisme civilisationnel ? Et a contrario le f\u00e9minisme d\u00e9colonial ? Que nous disent les luttes dans le secteur du nettoyage de ces f\u00e9minismes et des soci\u00e9t\u00e9s capitalistes contemporaines ? Comment se ressaisir de la notion d&#8217;internationalisme ?<\/p>\n<p>La parution de &#8220;Un f\u00e9minisme d\u00e9colonial&#8221; de Fran\u00e7oise Verg\u00e8s le 15 f\u00e9vrier 2019 aux \u00e9ditions La fabrique nous a donn\u00e9 l&#8217;occasion d&#8217;effectuer pour ACTA un entretien avec l&#8217;auteure, et d&#8217;interroger avec elle une s\u00e9rie de sujets fondamentaux pour quiconque prend au s\u00e9rieux la puissance transformatrice du f\u00e9minisme et de la pens\u00e9e d\u00e9coloniale.<\/p>\n<p>F\u00e9ministe antiraciste, pr\u00e9sidente de l&#8217;association &#8220;D\u00e9coloniser les arts&#8221;, Fran\u00e7oise Verg\u00e8s est l&#8217;auteure de plusieurs ouvrages et articles en fran\u00e7ais et en anglais sur l&#8217;esclavage colonial, le f\u00e9minisme, la r\u00e9paration, le mus\u00e9e.<\/p>\n<p>Dernier ouvrage paru aux \u00e9ditions La Fabrique : <br \/>Le ventre des femmes. Capitalisme, racialisation, f\u00e9minisme (2017)<br \/>Un f\u00e9minisme d\u00e9colonial (2019).<\/p>\n","protected":false},"author":1,"featured_media":5587,"comment_status":"closed","ping_status":"closed","template":"","meta":[],"movie_genre":[138],"movie_tag":[210,125,206],"movie_realisation":[189],"class_list":["post-5586","movie","type-movie","status-publish","has-post-thumbnail","hentry","movie_genre-intervention","movie_tag-colonialisme","movie_tag-feminismes","movie_tag-racisme"],"yoast_head":"<!-- This site is optimized with the Yoast SEO plugin v15.9.2 - https:\/\/yoast.com\/wordpress\/plugins\/seo\/ -->\n<title>Un f\u00e9minisme d\u00e9colonial : entretien avec Fran\u00e7oise Verg\u00e8s - Alto.watch<\/title>\n<link rel=\"canonical\" href=\"https:\/\/alto.watch\/index.php\/movie\/un-feminisme-decolonial-entretien-avec-francoise-verges\/\" \/>\n<meta property=\"og:locale\" content=\"fr_FR\" \/>\n<meta property=\"og:type\" content=\"article\" \/>\n<meta property=\"og:title\" content=\"Un f\u00e9minisme d\u00e9colonial : entretien avec Fran\u00e7oise Verg\u00e8s - Alto.watch\" \/>\n<meta property=\"og:description\" content=\"Qu&#039;est-ce que le f\u00e9minisme civilisationnel ? Et a contrario le f\u00e9minisme d\u00e9colonial ? Que nous disent les luttes dans le secteur du nettoyage de ces f\u00e9minismes et des soci\u00e9t\u00e9s capitalistes contemporaines ? Comment se ressaisir de la notion d&#039;internationalisme ?La parution de &quot;Un f\u00e9minisme d\u00e9colonial&quot; de Fran\u00e7oise Verg\u00e8s le 15 f\u00e9vrier 2019 aux \u00e9ditions La fabrique nous a donn\u00e9 l&#039;occasion d&#039;effectuer pour ACTA un entretien avec l&#039;auteure, et d&#039;interroger avec elle une s\u00e9rie de sujets fondamentaux pour quiconque prend au s\u00e9rieux la puissance transformatrice du f\u00e9minisme et de la pens\u00e9e d\u00e9coloniale.F\u00e9ministe antiraciste, pr\u00e9sidente de l&#039;association &quot;D\u00e9coloniser les arts&quot;, Fran\u00e7oise Verg\u00e8s est l&#039;auteure de plusieurs ouvrages et articles en fran\u00e7ais et en anglais sur l&#039;esclavage colonial, le f\u00e9minisme, la r\u00e9paration, le mus\u00e9e.Dernier ouvrage paru aux \u00e9ditions La Fabrique : Le ventre des femmes. Capitalisme, racialisation, f\u00e9minisme (2017)Un f\u00e9minisme d\u00e9colonial (2019).\" \/>\n<meta property=\"og:url\" content=\"https:\/\/alto.watch\/index.php\/movie\/un-feminisme-decolonial-entretien-avec-francoise-verges\/\" \/>\n<meta property=\"og:site_name\" content=\"Alto.watch\" \/>\n<meta property=\"article:modified_time\" content=\"2021-03-14T13:43:41+00:00\" \/>\n<meta property=\"og:image\" content=\"https:\/\/alto.watch\/wp-content\/uploads\/2020\/11\/maxresdefault-4.jpg\" \/>\n\t<meta property=\"og:image:width\" content=\"1280\" \/>\n\t<meta property=\"og:image:height\" content=\"720\" \/>\n<meta name=\"twitter:card\" content=\"summary_large_image\" \/>\n<meta name=\"twitter:label1\" content=\"Dur\u00e9e de lecture est.\">\n\t<meta name=\"twitter:data1\" content=\"1 minute\">\n<script type=\"application\/ld+json\" class=\"yoast-schema-graph\">{\"@context\":\"https:\/\/schema.org\",\"@graph\":[{\"@type\":\"WebSite\",\"@id\":\"https:\/\/alto.watch\/#website\",\"url\":\"https:\/\/alto.watch\/\",\"name\":\"Alto.watch\",\"description\":\"Plateforme vid\\u00e9o d&#039;\\u00e9ducation populaire, autonome et r\\u00e9volutionnaire.\",\"potentialAction\":[{\"@type\":\"SearchAction\",\"target\":\"https:\/\/alto.watch\/?s={search_term_string}\",\"query-input\":\"required name=search_term_string\"}],\"inLanguage\":\"fr-FR\"},{\"@type\":\"ImageObject\",\"@id\":\"https:\/\/alto.watch\/index.php\/movie\/un-feminisme-decolonial-entretien-avec-francoise-verges\/#primaryimage\",\"inLanguage\":\"fr-FR\",\"url\":\"https:\/\/alto.watch\/wp-content\/uploads\/2020\/11\/maxresdefault-4.jpg\",\"width\":1280,\"height\":720},{\"@type\":\"WebPage\",\"@id\":\"https:\/\/alto.watch\/index.php\/movie\/un-feminisme-decolonial-entretien-avec-francoise-verges\/#webpage\",\"url\":\"https:\/\/alto.watch\/index.php\/movie\/un-feminisme-decolonial-entretien-avec-francoise-verges\/\",\"name\":\"Un f\\u00e9minisme d\\u00e9colonial : entretien avec Fran\\u00e7oise Verg\\u00e8s - Alto.watch\",\"isPartOf\":{\"@id\":\"https:\/\/alto.watch\/#website\"},\"primaryImageOfPage\":{\"@id\":\"https:\/\/alto.watch\/index.php\/movie\/un-feminisme-decolonial-entretien-avec-francoise-verges\/#primaryimage\"},\"datePublished\":\"2020-11-13T19:47:06+00:00\",\"dateModified\":\"2021-03-14T13:43:41+00:00\",\"breadcrumb\":{\"@id\":\"https:\/\/alto.watch\/index.php\/movie\/un-feminisme-decolonial-entretien-avec-francoise-verges\/#breadcrumb\"},\"inLanguage\":\"fr-FR\",\"potentialAction\":[{\"@type\":\"ReadAction\",\"target\":[\"https:\/\/alto.watch\/index.php\/movie\/un-feminisme-decolonial-entretien-avec-francoise-verges\/\"]}]},{\"@type\":\"BreadcrumbList\",\"@id\":\"https:\/\/alto.watch\/index.php\/movie\/un-feminisme-decolonial-entretien-avec-francoise-verges\/#breadcrumb\",\"itemListElement\":[{\"@type\":\"ListItem\",\"position\":1,\"item\":{\"@type\":\"WebPage\",\"@id\":\"https:\/\/alto.watch\/\",\"url\":\"https:\/\/alto.watch\/\",\"name\":\"Accueil\"}},{\"@type\":\"ListItem\",\"position\":2,\"item\":{\"@type\":\"WebPage\",\"@id\":\"https:\/\/alto.watch\/index.php\/catalogue\/\",\"url\":\"https:\/\/alto.watch\/index.php\/catalogue\/\",\"name\":\"Movies\"}},{\"@type\":\"ListItem\",\"position\":3,\"item\":{\"@type\":\"WebPage\",\"@id\":\"https:\/\/alto.watch\/index.php\/movie\/un-feminisme-decolonial-entretien-avec-francoise-verges\/\",\"url\":\"https:\/\/alto.watch\/index.php\/movie\/un-feminisme-decolonial-entretien-avec-francoise-verges\/\",\"name\":\"Un f\\u00e9minisme d\\u00e9colonial : entretien avec Fran\\u00e7oise Verg\\u00e8s\"}}]}]}<\/script>\n<!-- \/ Yoast SEO plugin. -->","_links":{"self":[{"href":"https:\/\/alto.watch\/index.php\/wp-json\/wp\/v2\/movie\/5586","targetHints":{"allow":["GET"]}}],"collection":[{"href":"https:\/\/alto.watch\/index.php\/wp-json\/wp\/v2\/movie"}],"about":[{"href":"https:\/\/alto.watch\/index.php\/wp-json\/wp\/v2\/types\/movie"}],"author":[{"embeddable":true,"href":"https:\/\/alto.watch\/index.php\/wp-json\/wp\/v2\/users\/1"}],"replies":[{"embeddable":true,"href":"https:\/\/alto.watch\/index.php\/wp-json\/wp\/v2\/comments?post=5586"}],"wp:featuredmedia":[{"embeddable":true,"href":"https:\/\/alto.watch\/index.php\/wp-json\/wp\/v2\/media\/5587"}],"wp:attachment":[{"href":"https:\/\/alto.watch\/index.php\/wp-json\/wp\/v2\/media?parent=5586"}],"wp:term":[{"taxonomy":"movie_genre","embeddable":true,"href":"https:\/\/alto.watch\/index.php\/wp-json\/wp\/v2\/movie_genre?post=5586"},{"taxonomy":"movie_tag","embeddable":true,"href":"https:\/\/alto.watch\/index.php\/wp-json\/wp\/v2\/movie_tag?post=5586"},{"taxonomy":"movie_realisation","embeddable":true,"href":"https:\/\/alto.watch\/index.php\/wp-json\/wp\/v2\/movie_realisation?post=5586"}],"curies":[{"name":"wp","href":"https:\/\/api.w.org\/{rel}","templated":true}]}}