{"id":5574,"date":"2020-11-13T20:22:17","date_gmt":"2020-11-13T19:22:17","guid":{"rendered":"http:\/\/saltopirate.com\/?post_type=movie&#038;p=5574"},"modified":"2021-03-14T14:38:45","modified_gmt":"2021-03-14T13:38:45","slug":"le-feminisme-pour-les-99-entretien-avec-nancy-fraser","status":"publish","type":"movie","link":"https:\/\/alto.watch\/index.php\/movie\/le-feminisme-pour-les-99-entretien-avec-nancy-fraser\/","title":{"rendered":"Le f\u00e9minisme pour les 99% : entretien avec Nancy Fraser"},"content":{"rendered":"\n<p><em>&#8220;Comment le f\u00e9minisme peut-il red\u00e9finir la notion de classe ouvri\u00e8re ? Comment la nouvelle vague f\u00e9ministe anticapitaliste peut-elle concurrencer un f\u00e9minisme des \u00e9lites en crise ? Qu&#8217;est-ce qu&#8217;un &#8220;f\u00e9minisme pour les 99%&#8221; ?<\/em><\/p>\n\n\n\n<p><em>Nancy Fraser est professeure de philosophie et de politique \u00e0 la New School for Social Research (New York). Elle est l&#8217;auteure du F\u00e9minisme en mouvement &#8211; Des ann\u00e9es 1960 \u00e0 l&#8217;\u00e8re n\u00e9o-lib\u00e9rale (La D\u00e9couverte, 2012) et coauteure du F\u00e9minisme pour les 99% &#8211; un manifeste&#8221;<\/em><\/p>\n","protected":false},"excerpt":{"rendered":"<p>Comment le f\u00e9minisme peut-il red\u00e9finir la notion de classe ouvri\u00e8re ? Comment la nouvelle vague f\u00e9ministe anticapitaliste peut-elle concurrencer un f\u00e9minisme des \u00e9lites en crise ? Qu&#8217;est-ce qu&#8217;un &#8220;f\u00e9minisme pour les 99%&#8221; ?<\/p>\n","protected":false},"author":1,"featured_media":5576,"comment_status":"closed","ping_status":"closed","template":"","meta":[],"movie_genre":[138],"movie_tag":[125],"movie_realisation":[189],"class_list":["post-5574","movie","type-movie","status-publish","has-post-thumbnail","hentry","movie_genre-intervention","movie_tag-feminismes"],"yoast_head":"<!-- This site is optimized with the Yoast SEO plugin v15.9.2 - https:\/\/yoast.com\/wordpress\/plugins\/seo\/ -->\n<title>Le f\u00e9minisme pour les 99% : entretien avec Nancy Fraser - Alto.watch<\/title>\n<link rel=\"canonical\" href=\"https:\/\/alto.watch\/index.php\/movie\/le-feminisme-pour-les-99-entretien-avec-nancy-fraser\/\" \/>\n<meta property=\"og:locale\" content=\"fr_FR\" \/>\n<meta property=\"og:type\" content=\"article\" \/>\n<meta property=\"og:title\" content=\"Le f\u00e9minisme pour les 99% : entretien avec Nancy Fraser - Alto.watch\" \/>\n<meta property=\"og:description\" content=\"Comment le f\u00e9minisme peut-il red\u00e9finir la notion de classe ouvri\u00e8re ? Comment la nouvelle vague f\u00e9ministe anticapitaliste peut-elle concurrencer un f\u00e9minisme des \u00e9lites en crise ? Qu&#039;est-ce qu&#039;un &quot;f\u00e9minisme pour les 99%&quot; ?\" \/>\n<meta property=\"og:url\" content=\"https:\/\/alto.watch\/index.php\/movie\/le-feminisme-pour-les-99-entretien-avec-nancy-fraser\/\" \/>\n<meta property=\"og:site_name\" content=\"Alto.watch\" \/>\n<meta property=\"article:modified_time\" content=\"2021-03-14T13:38:45+00:00\" \/>\n<meta property=\"og:image\" content=\"https:\/\/alto.watch\/wp-content\/uploads\/2020\/11\/8marzo.jpg\" \/>\n\t<meta property=\"og:image:width\" content=\"980\" \/>\n\t<meta property=\"og:image:height\" content=\"552\" \/>\n<meta name=\"twitter:card\" content=\"summary_large_image\" \/>\n<meta name=\"twitter:label1\" content=\"Dur\u00e9e de lecture est.\">\n\t<meta name=\"twitter:data1\" content=\"1 minute\">\n<script type=\"application\/ld+json\" class=\"yoast-schema-graph\">{\"@context\":\"https:\/\/schema.org\",\"@graph\":[{\"@type\":\"WebSite\",\"@id\":\"https:\/\/alto.watch\/#website\",\"url\":\"https:\/\/alto.watch\/\",\"name\":\"Alto.watch\",\"description\":\"Plateforme vid\\u00e9o d&#039;\\u00e9ducation populaire, autonome et r\\u00e9volutionnaire.\",\"potentialAction\":[{\"@type\":\"SearchAction\",\"target\":\"https:\/\/alto.watch\/?s={search_term_string}\",\"query-input\":\"required name=search_term_string\"}],\"inLanguage\":\"fr-FR\"},{\"@type\":\"ImageObject\",\"@id\":\"https:\/\/alto.watch\/index.php\/movie\/le-feminisme-pour-les-99-entretien-avec-nancy-fraser\/#primaryimage\",\"inLanguage\":\"fr-FR\",\"url\":\"https:\/\/alto.watch\/wp-content\/uploads\/2020\/11\/8marzo.jpg\",\"width\":980,\"height\":552},{\"@type\":\"WebPage\",\"@id\":\"https:\/\/alto.watch\/index.php\/movie\/le-feminisme-pour-les-99-entretien-avec-nancy-fraser\/#webpage\",\"url\":\"https:\/\/alto.watch\/index.php\/movie\/le-feminisme-pour-les-99-entretien-avec-nancy-fraser\/\",\"name\":\"Le f\\u00e9minisme pour les 99% : entretien avec Nancy Fraser - Alto.watch\",\"isPartOf\":{\"@id\":\"https:\/\/alto.watch\/#website\"},\"primaryImageOfPage\":{\"@id\":\"https:\/\/alto.watch\/index.php\/movie\/le-feminisme-pour-les-99-entretien-avec-nancy-fraser\/#primaryimage\"},\"datePublished\":\"2020-11-13T19:22:17+00:00\",\"dateModified\":\"2021-03-14T13:38:45+00:00\",\"breadcrumb\":{\"@id\":\"https:\/\/alto.watch\/index.php\/movie\/le-feminisme-pour-les-99-entretien-avec-nancy-fraser\/#breadcrumb\"},\"inLanguage\":\"fr-FR\",\"potentialAction\":[{\"@type\":\"ReadAction\",\"target\":[\"https:\/\/alto.watch\/index.php\/movie\/le-feminisme-pour-les-99-entretien-avec-nancy-fraser\/\"]}]},{\"@type\":\"BreadcrumbList\",\"@id\":\"https:\/\/alto.watch\/index.php\/movie\/le-feminisme-pour-les-99-entretien-avec-nancy-fraser\/#breadcrumb\",\"itemListElement\":[{\"@type\":\"ListItem\",\"position\":1,\"item\":{\"@type\":\"WebPage\",\"@id\":\"https:\/\/alto.watch\/\",\"url\":\"https:\/\/alto.watch\/\",\"name\":\"Accueil\"}},{\"@type\":\"ListItem\",\"position\":2,\"item\":{\"@type\":\"WebPage\",\"@id\":\"https:\/\/alto.watch\/index.php\/catalogue\/\",\"url\":\"https:\/\/alto.watch\/index.php\/catalogue\/\",\"name\":\"Movies\"}},{\"@type\":\"ListItem\",\"position\":3,\"item\":{\"@type\":\"WebPage\",\"@id\":\"https:\/\/alto.watch\/index.php\/movie\/le-feminisme-pour-les-99-entretien-avec-nancy-fraser\/\",\"url\":\"https:\/\/alto.watch\/index.php\/movie\/le-feminisme-pour-les-99-entretien-avec-nancy-fraser\/\",\"name\":\"Le f\\u00e9minisme pour les 99% : entretien avec Nancy Fraser\"}}]}]}<\/script>\n<!-- \/ Yoast SEO plugin. -->","_links":{"self":[{"href":"https:\/\/alto.watch\/index.php\/wp-json\/wp\/v2\/movie\/5574","targetHints":{"allow":["GET"]}}],"collection":[{"href":"https:\/\/alto.watch\/index.php\/wp-json\/wp\/v2\/movie"}],"about":[{"href":"https:\/\/alto.watch\/index.php\/wp-json\/wp\/v2\/types\/movie"}],"author":[{"embeddable":true,"href":"https:\/\/alto.watch\/index.php\/wp-json\/wp\/v2\/users\/1"}],"replies":[{"embeddable":true,"href":"https:\/\/alto.watch\/index.php\/wp-json\/wp\/v2\/comments?post=5574"}],"wp:featuredmedia":[{"embeddable":true,"href":"https:\/\/alto.watch\/index.php\/wp-json\/wp\/v2\/media\/5576"}],"wp:attachment":[{"href":"https:\/\/alto.watch\/index.php\/wp-json\/wp\/v2\/media?parent=5574"}],"wp:term":[{"taxonomy":"movie_genre","embeddable":true,"href":"https:\/\/alto.watch\/index.php\/wp-json\/wp\/v2\/movie_genre?post=5574"},{"taxonomy":"movie_tag","embeddable":true,"href":"https:\/\/alto.watch\/index.php\/wp-json\/wp\/v2\/movie_tag?post=5574"},{"taxonomy":"movie_realisation","embeddable":true,"href":"https:\/\/alto.watch\/index.php\/wp-json\/wp\/v2\/movie_realisation?post=5574"}],"curies":[{"name":"wp","href":"https:\/\/api.w.org\/{rel}","templated":true}]}}