{"id":5555,"date":"2020-11-13T18:17:37","date_gmt":"2020-11-13T17:17:37","guid":{"rendered":"http:\/\/saltopirate.com\/?post_type=movie&#038;p=5555"},"modified":"2021-03-14T14:46:42","modified_gmt":"2021-03-14T13:46:42","slug":"farce-doit-rester-a-la-justice","status":"publish","type":"movie","link":"https:\/\/alto.watch\/index.php\/movie\/farce-doit-rester-a-la-justice\/","title":{"rendered":"Farce doit rester \u00e0 la justice"},"content":{"rendered":"\n<p>Le 25\u00a0mars 2018 se tenait \u00e0 la Bourse du travail <a href=\"https:\/\/lundi.am\/Farce-doit-rester-a-la-justice-La-violence-quotidienne-d-une-institution\">une journ\u00e9e de rencontres et des d\u00e9bats autour de la justice<\/a>. Sobrement intitul\u00e9e &#8220;<a href=\"https:\/\/lundi.am\/Farce-doit-rester-a-la-justice-La-violence-quotidienne-d-une-institution\">Farce doit rester \u00e0 la justice &#8211; La violence quotidienne d\u2019une institution<\/a>&#8220;, anthropologues, syndicalistes, avocats, militants, magistrats, historiens et juristes y sont intervenus pour apporter leur \u00e9clairage propre. Vous pouvez retrouver le programme de cette journ\u00e9e sur <a href=\"https:\/\/lundi.am\/Farce-doit-rester-a-la-justice-La-violence-quotidienne-d-une-institution\">lundimatin<\/a>.<\/p>\n","protected":false},"excerpt":{"rendered":"<p>Le 25\u00a0mars 2018 se tenait \u00e0 la Bourse du travail une journ\u00e9e de rencontres et des d\u00e9bats autour de la<\/p>\n","protected":false},"author":1,"featured_media":5560,"comment_status":"closed","ping_status":"closed","template":"","meta":[],"movie_genre":[138],"movie_tag":[202,201,171],"movie_realisation":[199,198],"class_list":["post-5555","movie","type-movie","status-publish","has-post-thumbnail","hentry","movie_genre-intervention","movie_tag-justice","movie_tag-police","movie_tag-violences-policieres"],"yoast_head":"<!-- This site is optimized with the Yoast SEO plugin v15.9.2 - https:\/\/yoast.com\/wordpress\/plugins\/seo\/ -->\n<title>Farce doit rester \u00e0 la justice - Alto.watch<\/title>\n<link rel=\"canonical\" href=\"https:\/\/alto.watch\/index.php\/movie\/farce-doit-rester-a-la-justice\/\" \/>\n<meta property=\"og:locale\" content=\"fr_FR\" \/>\n<meta property=\"og:type\" content=\"article\" \/>\n<meta property=\"og:title\" content=\"Farce doit rester \u00e0 la justice - Alto.watch\" \/>\n<meta property=\"og:description\" content=\"Le 25\u00a0mars 2018 se tenait \u00e0 la Bourse du travail une journ\u00e9e de rencontres et des d\u00e9bats autour de la\" \/>\n<meta property=\"og:url\" content=\"https:\/\/alto.watch\/index.php\/movie\/farce-doit-rester-a-la-justice\/\" \/>\n<meta property=\"og:site_name\" content=\"Alto.watch\" \/>\n<meta property=\"article:modified_time\" content=\"2021-03-14T13:46:42+00:00\" \/>\n<meta property=\"og:image\" content=\"https:\/\/alto.watch\/wp-content\/uploads\/2020\/11\/flyer-image.jpg\" \/>\n\t<meta property=\"og:image:width\" content=\"582\" \/>\n\t<meta property=\"og:image:height\" content=\"826\" \/>\n<meta name=\"twitter:card\" content=\"summary_large_image\" \/>\n<meta name=\"twitter:label1\" content=\"Dur\u00e9e de lecture est.\">\n\t<meta name=\"twitter:data1\" content=\"1 minute\">\n<script type=\"application\/ld+json\" class=\"yoast-schema-graph\">{\"@context\":\"https:\/\/schema.org\",\"@graph\":[{\"@type\":\"WebSite\",\"@id\":\"https:\/\/alto.watch\/#website\",\"url\":\"https:\/\/alto.watch\/\",\"name\":\"Alto.watch\",\"description\":\"Plateforme vid\\u00e9o d&#039;\\u00e9ducation populaire, autonome et r\\u00e9volutionnaire.\",\"potentialAction\":[{\"@type\":\"SearchAction\",\"target\":\"https:\/\/alto.watch\/?s={search_term_string}\",\"query-input\":\"required name=search_term_string\"}],\"inLanguage\":\"fr-FR\"},{\"@type\":\"ImageObject\",\"@id\":\"https:\/\/alto.watch\/index.php\/movie\/farce-doit-rester-a-la-justice\/#primaryimage\",\"inLanguage\":\"fr-FR\",\"url\":\"https:\/\/alto.watch\/wp-content\/uploads\/2020\/11\/flyer-image.jpg\",\"width\":582,\"height\":826},{\"@type\":\"WebPage\",\"@id\":\"https:\/\/alto.watch\/index.php\/movie\/farce-doit-rester-a-la-justice\/#webpage\",\"url\":\"https:\/\/alto.watch\/index.php\/movie\/farce-doit-rester-a-la-justice\/\",\"name\":\"Farce doit rester \\u00e0 la justice - Alto.watch\",\"isPartOf\":{\"@id\":\"https:\/\/alto.watch\/#website\"},\"primaryImageOfPage\":{\"@id\":\"https:\/\/alto.watch\/index.php\/movie\/farce-doit-rester-a-la-justice\/#primaryimage\"},\"datePublished\":\"2020-11-13T17:17:37+00:00\",\"dateModified\":\"2021-03-14T13:46:42+00:00\",\"breadcrumb\":{\"@id\":\"https:\/\/alto.watch\/index.php\/movie\/farce-doit-rester-a-la-justice\/#breadcrumb\"},\"inLanguage\":\"fr-FR\",\"potentialAction\":[{\"@type\":\"ReadAction\",\"target\":[\"https:\/\/alto.watch\/index.php\/movie\/farce-doit-rester-a-la-justice\/\"]}]},{\"@type\":\"BreadcrumbList\",\"@id\":\"https:\/\/alto.watch\/index.php\/movie\/farce-doit-rester-a-la-justice\/#breadcrumb\",\"itemListElement\":[{\"@type\":\"ListItem\",\"position\":1,\"item\":{\"@type\":\"WebPage\",\"@id\":\"https:\/\/alto.watch\/\",\"url\":\"https:\/\/alto.watch\/\",\"name\":\"Accueil\"}},{\"@type\":\"ListItem\",\"position\":2,\"item\":{\"@type\":\"WebPage\",\"@id\":\"https:\/\/alto.watch\/index.php\/catalogue\/\",\"url\":\"https:\/\/alto.watch\/index.php\/catalogue\/\",\"name\":\"Movies\"}},{\"@type\":\"ListItem\",\"position\":3,\"item\":{\"@type\":\"WebPage\",\"@id\":\"https:\/\/alto.watch\/index.php\/movie\/farce-doit-rester-a-la-justice\/\",\"url\":\"https:\/\/alto.watch\/index.php\/movie\/farce-doit-rester-a-la-justice\/\",\"name\":\"Farce doit rester \\u00e0 la justice\"}}]}]}<\/script>\n<!-- \/ Yoast SEO plugin. -->","_links":{"self":[{"href":"https:\/\/alto.watch\/index.php\/wp-json\/wp\/v2\/movie\/5555","targetHints":{"allow":["GET"]}}],"collection":[{"href":"https:\/\/alto.watch\/index.php\/wp-json\/wp\/v2\/movie"}],"about":[{"href":"https:\/\/alto.watch\/index.php\/wp-json\/wp\/v2\/types\/movie"}],"author":[{"embeddable":true,"href":"https:\/\/alto.watch\/index.php\/wp-json\/wp\/v2\/users\/1"}],"replies":[{"embeddable":true,"href":"https:\/\/alto.watch\/index.php\/wp-json\/wp\/v2\/comments?post=5555"}],"wp:featuredmedia":[{"embeddable":true,"href":"https:\/\/alto.watch\/index.php\/wp-json\/wp\/v2\/media\/5560"}],"wp:attachment":[{"href":"https:\/\/alto.watch\/index.php\/wp-json\/wp\/v2\/media?parent=5555"}],"wp:term":[{"taxonomy":"movie_genre","embeddable":true,"href":"https:\/\/alto.watch\/index.php\/wp-json\/wp\/v2\/movie_genre?post=5555"},{"taxonomy":"movie_tag","embeddable":true,"href":"https:\/\/alto.watch\/index.php\/wp-json\/wp\/v2\/movie_tag?post=5555"},{"taxonomy":"movie_realisation","embeddable":true,"href":"https:\/\/alto.watch\/index.php\/wp-json\/wp\/v2\/movie_realisation?post=5555"}],"curies":[{"name":"wp","href":"https:\/\/api.w.org\/{rel}","templated":true}]}}