{"id":5511,"date":"2020-11-11T19:23:53","date_gmt":"2020-11-11T18:23:53","guid":{"rendered":"http:\/\/ydzzdui.cluster029.hosting.ovh.net\/?post_type=movie&#038;p=5511"},"modified":"2021-03-14T18:32:33","modified_gmt":"2021-03-14T17:32:33","slug":"sur-les-toits","status":"publish","type":"movie","link":"https:\/\/alto.watch\/index.php\/movie\/sur-les-toits\/","title":{"rendered":"Sur les toits"},"content":{"rendered":"\n<p><em>&#8220;Que s&#8217;est-il pass\u00e9 dans les prisons fran\u00e7aises entre septembre 1971 et la fin de l&#8217;ann\u00e9e 1972 ? Pour la premi\u00e8re fois les prisonniers d\u00e9clenchent des r\u00e9voltes collectives, prennent le contr\u00f4le de leurs prisons, occupent les toits et communiquent leurs revendications en s&#8217;adressant \u00e0 la foule. 40 ans plus tard ce film d\u00e9poussi\u00e8re cette page m\u00e9connue de l&#8217;histoire des luttes sociales. Avec le t\u00e9moignage de ceux qui ont v\u00e9cu, d\u00e9clench\u00e9, r\u00e9prim\u00e9 et d\u00e9fendu ces r\u00e9voltes : Les mutins de la prison de Nancy, un ancien maton de la prison de Toul, le t\u00e9nor du barreau\u00a0 Ma\u00eetre Henri Leclerc, le sociologue et co-fondateur du Groupe Information Prison Daniel Defert, et l&#8217;ancien d\u00e9tenu, \u00e9crivain et militant anarchiste Serge Livrozet.&#8221;<\/em><\/p>\n\n\n\n<p>Un film de Nicolas Drolc &#8211; 2014<\/p>\n","protected":false},"excerpt":{"rendered":"<div id=\"cc-m-14813547596\" class=\"j-module n j-header \">\n<h3 id=\"cc-m-header-14813547596\" class=\"\">Un film de Nicolas Drolc<\/h3>\n<\/div>\n<p><span class=\"style-scope yt-formatted-string\" dir=\"auto\">Que s&#8217;est-il pass\u00e9 dans les prisons fran\u00e7aises entre septembre 1971 et la fin de l&#8217;ann\u00e9e 1972 ? Pour la premi\u00e8re fois les prisonniers d\u00e9clenchent des r\u00e9voltes collectives, prennent le contr\u00f4le de leurs prisons, occupent les toits et communiquent leurs revendications en s&#8217;adressant \u00e0 la foule. 40 ans plus tard ce film d\u00e9poussi\u00e8re cette page m\u00e9connue de l&#8217;histoire des luttes sociales. Avec le t\u00e9moignage de ceux qui ont v\u00e9cu, d\u00e9clench\u00e9, r\u00e9prim\u00e9 et d\u00e9fendu ces r\u00e9voltes : Les mutins de la prison de Nancy, un ancien maton de la prison de Toul, le t\u00e9nor du barreau\u00a0 Ma\u00eetre Henri Leclerc, le sociologue et co-fondateur du Groupe Information Prison Daniel Defert, et l&#8217;ancien d\u00e9tenu, \u00e9crivain et militant anarchiste Serge Livrozet. <\/span><\/p>\n","protected":false},"author":1,"featured_media":5513,"comment_status":"closed","ping_status":"closed","template":"","meta":[],"movie_genre":[112],"movie_tag":[186],"movie_realisation":[188],"class_list":["post-5511","movie","type-movie","status-publish","has-post-thumbnail","hentry","movie_genre-documentaire","movie_tag-prison"],"yoast_head":"<!-- This site is optimized with the Yoast SEO plugin v15.9.2 - https:\/\/yoast.com\/wordpress\/plugins\/seo\/ -->\n<title>Sur les toits - Alto.watch<\/title>\n<link rel=\"canonical\" href=\"https:\/\/alto.watch\/index.php\/movie\/sur-les-toits\/\" \/>\n<meta property=\"og:locale\" content=\"fr_FR\" \/>\n<meta property=\"og:type\" content=\"article\" \/>\n<meta property=\"og:title\" content=\"Sur les toits - Alto.watch\" \/>\n<meta property=\"og:description\" content=\"Un film de Nicolas DrolcQue s&#039;est-il pass\u00e9 dans les prisons fran\u00e7aises entre septembre 1971 et la fin de l&#039;ann\u00e9e 1972 ? Pour la premi\u00e8re fois les prisonniers d\u00e9clenchent des r\u00e9voltes collectives, prennent le contr\u00f4le de leurs prisons, occupent les toits et communiquent leurs revendications en s&#039;adressant \u00e0 la foule. 40 ans plus tard ce film d\u00e9poussi\u00e8re cette page m\u00e9connue de l&#039;histoire des luttes sociales. Avec le t\u00e9moignage de ceux qui ont v\u00e9cu, d\u00e9clench\u00e9, r\u00e9prim\u00e9 et d\u00e9fendu ces r\u00e9voltes : Les mutins de la prison de Nancy, un ancien maton de la prison de Toul, le t\u00e9nor du barreau\u00a0 Ma\u00eetre Henri Leclerc, le sociologue et co-fondateur du Groupe Information Prison Daniel Defert, et l&#039;ancien d\u00e9tenu, \u00e9crivain et militant anarchiste Serge Livrozet.\" \/>\n<meta property=\"og:url\" content=\"https:\/\/alto.watch\/index.php\/movie\/sur-les-toits\/\" \/>\n<meta property=\"og:site_name\" content=\"Alto.watch\" \/>\n<meta property=\"article:modified_time\" content=\"2021-03-14T17:32:33+00:00\" \/>\n<meta property=\"og:image\" content=\"https:\/\/alto.watch\/wp-content\/uploads\/2020\/11\/178916-1.jpg\" \/>\n\t<meta property=\"og:image:width\" content=\"1120\" \/>\n\t<meta property=\"og:image:height\" content=\"1600\" \/>\n<meta name=\"twitter:card\" content=\"summary_large_image\" \/>\n<meta name=\"twitter:label1\" content=\"Dur\u00e9e de lecture est.\">\n\t<meta name=\"twitter:data1\" content=\"1 minute\">\n<script type=\"application\/ld+json\" class=\"yoast-schema-graph\">{\"@context\":\"https:\/\/schema.org\",\"@graph\":[{\"@type\":\"WebSite\",\"@id\":\"https:\/\/alto.watch\/#website\",\"url\":\"https:\/\/alto.watch\/\",\"name\":\"Alto.watch\",\"description\":\"Plateforme vid\\u00e9o d&#039;\\u00e9ducation populaire, autonome et r\\u00e9volutionnaire.\",\"potentialAction\":[{\"@type\":\"SearchAction\",\"target\":\"https:\/\/alto.watch\/?s={search_term_string}\",\"query-input\":\"required name=search_term_string\"}],\"inLanguage\":\"fr-FR\"},{\"@type\":\"ImageObject\",\"@id\":\"https:\/\/alto.watch\/index.php\/movie\/sur-les-toits\/#primaryimage\",\"inLanguage\":\"fr-FR\",\"url\":\"https:\/\/alto.watch\/wp-content\/uploads\/2020\/11\/178916-1.jpg\",\"width\":1120,\"height\":1600},{\"@type\":\"WebPage\",\"@id\":\"https:\/\/alto.watch\/index.php\/movie\/sur-les-toits\/#webpage\",\"url\":\"https:\/\/alto.watch\/index.php\/movie\/sur-les-toits\/\",\"name\":\"Sur les toits - Alto.watch\",\"isPartOf\":{\"@id\":\"https:\/\/alto.watch\/#website\"},\"primaryImageOfPage\":{\"@id\":\"https:\/\/alto.watch\/index.php\/movie\/sur-les-toits\/#primaryimage\"},\"datePublished\":\"2020-11-11T18:23:53+00:00\",\"dateModified\":\"2021-03-14T17:32:33+00:00\",\"breadcrumb\":{\"@id\":\"https:\/\/alto.watch\/index.php\/movie\/sur-les-toits\/#breadcrumb\"},\"inLanguage\":\"fr-FR\",\"potentialAction\":[{\"@type\":\"ReadAction\",\"target\":[\"https:\/\/alto.watch\/index.php\/movie\/sur-les-toits\/\"]}]},{\"@type\":\"BreadcrumbList\",\"@id\":\"https:\/\/alto.watch\/index.php\/movie\/sur-les-toits\/#breadcrumb\",\"itemListElement\":[{\"@type\":\"ListItem\",\"position\":1,\"item\":{\"@type\":\"WebPage\",\"@id\":\"https:\/\/alto.watch\/\",\"url\":\"https:\/\/alto.watch\/\",\"name\":\"Accueil\"}},{\"@type\":\"ListItem\",\"position\":2,\"item\":{\"@type\":\"WebPage\",\"@id\":\"https:\/\/alto.watch\/index.php\/catalogue\/\",\"url\":\"https:\/\/alto.watch\/index.php\/catalogue\/\",\"name\":\"Movies\"}},{\"@type\":\"ListItem\",\"position\":3,\"item\":{\"@type\":\"WebPage\",\"@id\":\"https:\/\/alto.watch\/index.php\/movie\/sur-les-toits\/\",\"url\":\"https:\/\/alto.watch\/index.php\/movie\/sur-les-toits\/\",\"name\":\"Sur les toits\"}}]}]}<\/script>\n<!-- \/ Yoast SEO plugin. -->","_links":{"self":[{"href":"https:\/\/alto.watch\/index.php\/wp-json\/wp\/v2\/movie\/5511","targetHints":{"allow":["GET"]}}],"collection":[{"href":"https:\/\/alto.watch\/index.php\/wp-json\/wp\/v2\/movie"}],"about":[{"href":"https:\/\/alto.watch\/index.php\/wp-json\/wp\/v2\/types\/movie"}],"author":[{"embeddable":true,"href":"https:\/\/alto.watch\/index.php\/wp-json\/wp\/v2\/users\/1"}],"replies":[{"embeddable":true,"href":"https:\/\/alto.watch\/index.php\/wp-json\/wp\/v2\/comments?post=5511"}],"wp:featuredmedia":[{"embeddable":true,"href":"https:\/\/alto.watch\/index.php\/wp-json\/wp\/v2\/media\/5513"}],"wp:attachment":[{"href":"https:\/\/alto.watch\/index.php\/wp-json\/wp\/v2\/media?parent=5511"}],"wp:term":[{"taxonomy":"movie_genre","embeddable":true,"href":"https:\/\/alto.watch\/index.php\/wp-json\/wp\/v2\/movie_genre?post=5511"},{"taxonomy":"movie_tag","embeddable":true,"href":"https:\/\/alto.watch\/index.php\/wp-json\/wp\/v2\/movie_tag?post=5511"},{"taxonomy":"movie_realisation","embeddable":true,"href":"https:\/\/alto.watch\/index.php\/wp-json\/wp\/v2\/movie_realisation?post=5511"}],"curies":[{"name":"wp","href":"https:\/\/api.w.org\/{rel}","templated":true}]}}