{"version":"1.0","provider_name":"Alto.watch","provider_url":"https:\/\/alto.watch","author_name":"admin8410","author_url":"https:\/\/alto.watch\/index.php\/author\/admin8410\/","title":"Un f\u00e9minisme d\u00e9colonial : entretien avec Fran\u00e7oise Verg\u00e8s - Alto.watch","type":"rich","width":600,"height":338,"html":"<blockquote class=\"wp-embedded-content\" data-secret=\"hk8s1zY4bZ\"><a href=\"https:\/\/alto.watch\/index.php\/movie\/un-feminisme-decolonial-entretien-avec-francoise-verges\/\">Un f\u00e9minisme d\u00e9colonial : entretien avec Fran\u00e7oise Verg\u00e8s<\/a><\/blockquote><iframe sandbox=\"allow-scripts\" security=\"restricted\" src=\"https:\/\/alto.watch\/index.php\/movie\/un-feminisme-decolonial-entretien-avec-francoise-verges\/embed\/#?secret=hk8s1zY4bZ\" width=\"600\" height=\"338\" title=\"\u00ab\u00a0Un f\u00e9minisme d\u00e9colonial : entretien avec Fran\u00e7oise Verg\u00e8s\u00a0\u00bb &#8212; Alto.watch\" data-secret=\"hk8s1zY4bZ\" frameborder=\"0\" marginwidth=\"0\" marginheight=\"0\" scrolling=\"no\" class=\"wp-embedded-content\"><\/iframe><script type=\"text\/javascript\">\n\/* <![CDATA[ *\/\n\/*! This file is auto-generated *\/\n!function(d,l){\"use strict\";l.querySelector&&d.addEventListener&&\"undefined\"!=typeof URL&&(d.wp=d.wp||{},d.wp.receiveEmbedMessage||(d.wp.receiveEmbedMessage=function(e){var t=e.data;if((t||t.secret||t.message||t.value)&&!\/[^a-zA-Z0-9]\/.test(t.secret)){for(var s,r,n,a=l.querySelectorAll('iframe[data-secret=\"'+t.secret+'\"]'),o=l.querySelectorAll('blockquote[data-secret=\"'+t.secret+'\"]'),c=new RegExp(\"^https?:$\",\"i\"),i=0;i<o.length;i++)o[i].style.display=\"none\";for(i=0;i<a.length;i++)s=a[i],e.source===s.contentWindow&&(s.removeAttribute(\"style\"),\"height\"===t.message?(1e3<(r=parseInt(t.value,10))?r=1e3:~~r<200&&(r=200),s.height=r):\"link\"===t.message&&(r=new URL(s.getAttribute(\"src\")),n=new URL(t.value),c.test(n.protocol))&&n.host===r.host&&l.activeElement===s&&(d.top.location.href=t.value))}},d.addEventListener(\"message\",d.wp.receiveEmbedMessage,!1),l.addEventListener(\"DOMContentLoaded\",function(){for(var e,t,s=l.querySelectorAll(\"iframe.wp-embedded-content\"),r=0;r<s.length;r++)(t=(e=s[r]).getAttribute(\"data-secret\"))||(t=Math.random().toString(36).substring(2,12),e.src+=\"#?secret=\"+t,e.setAttribute(\"data-secret\",t)),e.contentWindow.postMessage({message:\"ready\",secret:t},\"*\")},!1)))}(window,document);\n\/* ]]> *\/\n<\/script>\n","thumbnail_url":"https:\/\/alto.watch\/wp-content\/uploads\/2020\/11\/maxresdefault-4.jpg","thumbnail_width":1280,"thumbnail_height":720,"description":"Qu'est-ce que le f\u00e9minisme civilisationnel ? Et a contrario le f\u00e9minisme d\u00e9colonial ? Que nous disent les luttes dans le secteur du nettoyage de ces f\u00e9minismes et des soci\u00e9t\u00e9s capitalistes contemporaines ? Comment se ressaisir de la notion d'internationalisme ?La parution de \"Un f\u00e9minisme d\u00e9colonial\" de Fran\u00e7oise Verg\u00e8s le 15 f\u00e9vrier 2019 aux \u00e9ditions La fabrique nous a donn\u00e9 l'occasion d'effectuer pour ACTA un entretien avec l'auteure, et d'interroger avec elle une s\u00e9rie de sujets fondamentaux pour quiconque prend au s\u00e9rieux la puissance transformatrice du f\u00e9minisme et de la pens\u00e9e d\u00e9coloniale.F\u00e9ministe antiraciste, pr\u00e9sidente de l'association \"D\u00e9coloniser les arts\", Fran\u00e7oise Verg\u00e8s est l'auteure de plusieurs ouvrages et articles en fran\u00e7ais et en anglais sur l'esclavage colonial, le f\u00e9minisme, la r\u00e9paration, le mus\u00e9e.Dernier ouvrage paru aux \u00e9ditions La Fabrique : Le ventre des femmes. Capitalisme, racialisation, f\u00e9minisme (2017)Un f\u00e9minisme d\u00e9colonial (2019)."}